{"id":33980,"date":"2011-02-01T00:00:00","date_gmt":"2017-06-19T22:00:00","guid":{"rendered":"https:\/\/chemin-neuf.media\/m\/od-guru-do-jezusa-ojciec-joseph-marie-verlinde\/"},"modified":"2023-10-17T16:41:16","modified_gmt":"2023-10-17T14:41:16","slug":"od-guru-do-jezusa-ojciec-joseph-marie-verlinde","status":"publish","type":"m","link":"https:\/\/www.chemin-neuf.media\/pl\/m\/od-guru-do-jezusa-ojciec-joseph-marie-verlinde\/","title":{"rendered":"Od guru do Jezusa Ojciec Joseph-Marie Verlinde"},"content":{"rendered":"","protected":false},"excerpt":{"rendered":"<p>Poszukiwanie sensu, Absolutu, doprowadzi\u0142o Ojca Josepha-Marie, wtedy Jacquesa Verlinde, <br \/>do \u2018g\u0142\u0119bokiego zanurzenia\u2019 we \u201eWszechogarniaj\u0105cej Substancji\u201d. Jako adept wschodnich praktyk ascetycznych \u2013 jogi, medytacji transcendentalnej -, w Indiach pog\u0142\u0119bia\u0142 religijn\u0105 tradycj\u0119 hinduizmu <br \/>i buddyzmu. Poprowadzony p\u00f3\u017aniej ku praktykom ezoteryczno-okultystycznym, opowiada w naszym filmie o swoim do\u015bwiadczeniu i konfrontuje je z prawd\u0105 o Tym kt\u00f3ry odnalaz\u0142 go na kra\u0144cu \u015bwiata: o Chrystusie. Z pochodzenia Belg, kap\u0142an, doktor filozofii i teologii, jest obecnie przeorem Wsp\u00f3lnoty monastycznej Rodzina \u015awi\u0119tego J\u00f3zefa, we Francji.  W \u015bwietle swojego do\u015bwiadczenia, Ojciec Joseph-Marie Verlinde odpowiada na zasadnicze pytania zadawane dzisiaj przez spo\u0142ecze\u0144stwo. Z du\u017cym szacunkiem ostrzega on i daje wyja\u015bnia \u201eposzukiwaczom sensu\u201d, wchodz\u0105cym na drogi Wschodu\u2026 i praktyk ezoteryczno-okultystycznych. <br \/>Ce film est r\u00e9alis\u00e9 par la Communaut\u00e9 du Chemin Neuf via le r\u00e9seau international de pri\u00e8re \u00ab Net for God \u00bb.<\/p>\n<p>Pour plus d&#8217;informations : www.netforgod.tv<br \/>Pour nous contacter : netforgod@chemin-neuf.org<\/p>\n","protected":false},"featured_media":33981,"menu_order":0,"template":"","meta":{"_acf_changed":false,"footnotes":""},"media-categorie":[8012,2051],"media-type":[54],"chaine":[3146],"thematique":[67],"media-tag":[2841,2990,1988,2989,2991,1985],"media-lang":[2429],"class_list":["post-33980","m","type-m","status-publish","has-post-thumbnail","hentry","media-categorie-documentaire","media-categorie-temoignages-interviews","media-type-video","chaine-net-for-god","thematique-regard-sur-le-monde","media-tag-guru","media-tag-jezusa","media-tag-nfg_11_02","media-tag-nfg_11_02_pl","media-tag-od-guru-do-jezusa-ojciec-joseph-marie-verlinde","media-tag-verlinde","media-lang-pl"],"acf":[],"yoast_head":"<!-- This site is optimized with the Yoast SEO plugin v28.3 - https:\/\/yoast.com\/product\/yoast-seo-wordpress\/ -->\n<title>Od guru do Jezusa Ojciec Joseph-Marie Verlinde - Chemin Neuf Media<\/title>\n<meta name=\"robots\" content=\"index, follow, max-snippet:-1, max-image-preview:large, max-video-preview:-1\" \/>\n<link rel=\"canonical\" href=\"https:\/\/www.chemin-neuf.media\/pl\/m\/od-guru-do-jezusa-ojciec-joseph-marie-verlinde\/\" \/>\n<meta property=\"og:locale\" content=\"pl_PL\" \/>\n<meta property=\"og:type\" content=\"article\" \/>\n<meta property=\"og:title\" content=\"Od guru do Jezusa Ojciec Joseph-Marie Verlinde - Chemin Neuf Media\" \/>\n<meta property=\"og:description\" content=\"Poszukiwanie sensu, Absolutu, doprowadzi\u0142o Ojca Josepha-Marie, wtedy Jacquesa Verlinde, do \u2018g\u0142\u0119bokiego zanurzenia\u2019 we \u201eWszechogarniaj\u0105cej Substancji\u201d. Jako adept wschodnich praktyk ascetycznych \u2013 jogi, medytacji transcendentalnej -, w Indiach pog\u0142\u0119bia\u0142 religijn\u0105 tradycj\u0119 hinduizmu i buddyzmu. Poprowadzony p\u00f3\u017aniej ku praktykom ezoteryczno-okultystycznym, opowiada w naszym filmie o swoim do\u015bwiadczeniu i konfrontuje je z prawd\u0105 o Tym kt\u00f3ry odnalaz\u0142 go na kra\u0144cu \u015bwiata: o Chrystusie. Z pochodzenia Belg, kap\u0142an, doktor filozofii i teologii, jest obecnie przeorem Wsp\u00f3lnoty monastycznej Rodzina \u015awi\u0119tego J\u00f3zefa, we Francji. W \u015bwietle swojego do\u015bwiadczenia, Ojciec Joseph-Marie Verlinde odpowiada na zasadnicze pytania zadawane dzisiaj przez spo\u0142ecze\u0144stwo. Z du\u017cym szacunkiem ostrzega on i daje wyja\u015bnia \u201eposzukiwaczom sensu\u201d, wchodz\u0105cym na drogi Wschodu\u2026 i praktyk ezoteryczno-okultystycznych. Ce film est r\u00e9alis\u00e9 par la Communaut\u00e9 du Chemin Neuf via le r\u00e9seau international de pri\u00e8re \u00ab Net for God \u00bb.Pour plus d&#039;informations : www.netforgod.tvPour nous contacter : netforgod@chemin-neuf.org\" \/>\n<meta property=\"og:url\" content=\"https:\/\/www.chemin-neuf.media\/pl\/m\/od-guru-do-jezusa-ojciec-joseph-marie-verlinde\/\" \/>\n<meta property=\"og:site_name\" content=\"Chemin Neuf Media\" \/>\n<meta property=\"article:publisher\" content=\"https:\/\/www.facebook.com\/Communaut%c3%a9-du-Chemin-Neuf-au-Canada-417217815001100\" \/>\n<meta property=\"article:modified_time\" content=\"2023-10-17T14:41:16+00:00\" \/>\n<meta property=\"og:image\" content=\"https:\/\/www.chemin-neuf.media\/wp-content\/uploads\/2017\/06\/mqdefault-61.jpg\" \/>\n\t<meta property=\"og:image:width\" content=\"320\" \/>\n\t<meta property=\"og:image:height\" content=\"180\" \/>\n\t<meta property=\"og:image:type\" content=\"image\/jpeg\" \/>\n<meta name=\"twitter:card\" content=\"summary_large_image\" \/>\n<script type=\"application\/ld+json\" class=\"yoast-schema-graph\">{\"@context\":\"https:\\\/\\\/schema.org\",\"@graph\":[{\"@type\":\"WebPage\",\"@id\":\"https:\\\/\\\/www.chemin-neuf.media\\\/pl\\\/m\\\/od-guru-do-jezusa-ojciec-joseph-marie-verlinde\\\/\",\"url\":\"https:\\\/\\\/www.chemin-neuf.media\\\/pl\\\/m\\\/od-guru-do-jezusa-ojciec-joseph-marie-verlinde\\\/\",\"name\":\"Od guru do Jezusa Ojciec Joseph-Marie Verlinde - Chemin Neuf Media\",\"isPartOf\":{\"@id\":\"https:\\\/\\\/www.chemin-neuf.media\\\/pl\\\/#website\"},\"primaryImageOfPage\":{\"@id\":\"https:\\\/\\\/www.chemin-neuf.media\\\/pl\\\/m\\\/od-guru-do-jezusa-ojciec-joseph-marie-verlinde\\\/#primaryimage\"},\"image\":{\"@id\":\"https:\\\/\\\/www.chemin-neuf.media\\\/pl\\\/m\\\/od-guru-do-jezusa-ojciec-joseph-marie-verlinde\\\/#primaryimage\"},\"thumbnailUrl\":\"https:\\\/\\\/www.chemin-neuf.media\\\/wp-content\\\/uploads\\\/2017\\\/06\\\/mqdefault-61.jpg\",\"datePublished\":\"2017-06-19T22:00:00+00:00\",\"dateModified\":\"2023-10-17T14:41:16+00:00\",\"breadcrumb\":{\"@id\":\"https:\\\/\\\/www.chemin-neuf.media\\\/pl\\\/m\\\/od-guru-do-jezusa-ojciec-joseph-marie-verlinde\\\/#breadcrumb\"},\"inLanguage\":\"pl-PL\",\"potentialAction\":[{\"@type\":\"ReadAction\",\"target\":[\"https:\\\/\\\/www.chemin-neuf.media\\\/pl\\\/m\\\/od-guru-do-jezusa-ojciec-joseph-marie-verlinde\\\/\"]}]},{\"@type\":\"ImageObject\",\"inLanguage\":\"pl-PL\",\"@id\":\"https:\\\/\\\/www.chemin-neuf.media\\\/pl\\\/m\\\/od-guru-do-jezusa-ojciec-joseph-marie-verlinde\\\/#primaryimage\",\"url\":\"https:\\\/\\\/www.chemin-neuf.media\\\/wp-content\\\/uploads\\\/2017\\\/06\\\/mqdefault-61.jpg\",\"contentUrl\":\"https:\\\/\\\/www.chemin-neuf.media\\\/wp-content\\\/uploads\\\/2017\\\/06\\\/mqdefault-61.jpg\",\"width\":320,\"height\":180,\"caption\":\"Od guru do Jezusa Ojciec Joseph-Marie Verlinde\"},{\"@type\":\"BreadcrumbList\",\"@id\":\"https:\\\/\\\/www.chemin-neuf.media\\\/pl\\\/m\\\/od-guru-do-jezusa-ojciec-joseph-marie-verlinde\\\/#breadcrumb\",\"itemListElement\":[{\"@type\":\"ListItem\",\"position\":1,\"name\":\"Home\",\"item\":\"https:\\\/\\\/www.chemin-neuf.media\\\/pl\\\/\"},{\"@type\":\"ListItem\",\"position\":2,\"name\":\"Meta Medias\",\"item\":\"https:\\\/\\\/www.chemin-neuf.media\\\/pl\\\/m\\\/\"},{\"@type\":\"ListItem\",\"position\":3,\"name\":\"Od guru do Jezusa Ojciec Joseph-Marie Verlinde\"}]},{\"@type\":\"WebSite\",\"@id\":\"https:\\\/\\\/www.chemin-neuf.media\\\/pl\\\/#website\",\"url\":\"https:\\\/\\\/www.chemin-neuf.media\\\/pl\\\/\",\"name\":\"Chemin Neuf Media\",\"description\":\"Tous les m\u00e9dias de la  Communaut\u00e9 du Chemin Neuf\",\"potentialAction\":[{\"@type\":\"SearchAction\",\"target\":{\"@type\":\"EntryPoint\",\"urlTemplate\":\"https:\\\/\\\/www.chemin-neuf.media\\\/pl\\\/?s={search_term_string}\"},\"query-input\":{\"@type\":\"PropertyValueSpecification\",\"valueRequired\":true,\"valueName\":\"search_term_string\"}}],\"inLanguage\":\"pl-PL\"}]}<\/script>\n<!-- \/ Yoast SEO plugin. -->","yoast_head_json":{"title":"Od guru do Jezusa Ojciec Joseph-Marie Verlinde - Chemin Neuf Media","robots":{"index":"index","follow":"follow","max-snippet":"max-snippet:-1","max-image-preview":"max-image-preview:large","max-video-preview":"max-video-preview:-1"},"canonical":"https:\/\/www.chemin-neuf.media\/pl\/m\/od-guru-do-jezusa-ojciec-joseph-marie-verlinde\/","og_locale":"pl_PL","og_type":"article","og_title":"Od guru do Jezusa Ojciec Joseph-Marie Verlinde - Chemin Neuf Media","og_description":"Poszukiwanie sensu, Absolutu, doprowadzi\u0142o Ojca Josepha-Marie, wtedy Jacquesa Verlinde, do \u2018g\u0142\u0119bokiego zanurzenia\u2019 we \u201eWszechogarniaj\u0105cej Substancji\u201d. Jako adept wschodnich praktyk ascetycznych \u2013 jogi, medytacji transcendentalnej -, w Indiach pog\u0142\u0119bia\u0142 religijn\u0105 tradycj\u0119 hinduizmu i buddyzmu. Poprowadzony p\u00f3\u017aniej ku praktykom ezoteryczno-okultystycznym, opowiada w naszym filmie o swoim do\u015bwiadczeniu i konfrontuje je z prawd\u0105 o Tym kt\u00f3ry odnalaz\u0142 go na kra\u0144cu \u015bwiata: o Chrystusie. Z pochodzenia Belg, kap\u0142an, doktor filozofii i teologii, jest obecnie przeorem Wsp\u00f3lnoty monastycznej Rodzina \u015awi\u0119tego J\u00f3zefa, we Francji. W \u015bwietle swojego do\u015bwiadczenia, Ojciec Joseph-Marie Verlinde odpowiada na zasadnicze pytania zadawane dzisiaj przez spo\u0142ecze\u0144stwo. Z du\u017cym szacunkiem ostrzega on i daje wyja\u015bnia \u201eposzukiwaczom sensu\u201d, wchodz\u0105cym na drogi Wschodu\u2026 i praktyk ezoteryczno-okultystycznych. Ce film est r\u00e9alis\u00e9 par la Communaut\u00e9 du Chemin Neuf via le r\u00e9seau international de pri\u00e8re \u00ab Net for God \u00bb.Pour plus d'informations : www.netforgod.tvPour nous contacter : netforgod@chemin-neuf.org","og_url":"https:\/\/www.chemin-neuf.media\/pl\/m\/od-guru-do-jezusa-ojciec-joseph-marie-verlinde\/","og_site_name":"Chemin Neuf Media","article_publisher":"https:\/\/www.facebook.com\/Communaut%c3%a9-du-Chemin-Neuf-au-Canada-417217815001100","article_modified_time":"2023-10-17T14:41:16+00:00","og_image":[{"width":320,"height":180,"url":"https:\/\/www.chemin-neuf.media\/wp-content\/uploads\/2017\/06\/mqdefault-61.jpg","type":"image\/jpeg"}],"twitter_card":"summary_large_image","schema":{"@context":"https:\/\/schema.org","@graph":[{"@type":"WebPage","@id":"https:\/\/www.chemin-neuf.media\/pl\/m\/od-guru-do-jezusa-ojciec-joseph-marie-verlinde\/","url":"https:\/\/www.chemin-neuf.media\/pl\/m\/od-guru-do-jezusa-ojciec-joseph-marie-verlinde\/","name":"Od guru do Jezusa Ojciec Joseph-Marie Verlinde - Chemin Neuf Media","isPartOf":{"@id":"https:\/\/www.chemin-neuf.media\/pl\/#website"},"primaryImageOfPage":{"@id":"https:\/\/www.chemin-neuf.media\/pl\/m\/od-guru-do-jezusa-ojciec-joseph-marie-verlinde\/#primaryimage"},"image":{"@id":"https:\/\/www.chemin-neuf.media\/pl\/m\/od-guru-do-jezusa-ojciec-joseph-marie-verlinde\/#primaryimage"},"thumbnailUrl":"https:\/\/www.chemin-neuf.media\/wp-content\/uploads\/2017\/06\/mqdefault-61.jpg","datePublished":"2017-06-19T22:00:00+00:00","dateModified":"2023-10-17T14:41:16+00:00","breadcrumb":{"@id":"https:\/\/www.chemin-neuf.media\/pl\/m\/od-guru-do-jezusa-ojciec-joseph-marie-verlinde\/#breadcrumb"},"inLanguage":"pl-PL","potentialAction":[{"@type":"ReadAction","target":["https:\/\/www.chemin-neuf.media\/pl\/m\/od-guru-do-jezusa-ojciec-joseph-marie-verlinde\/"]}]},{"@type":"ImageObject","inLanguage":"pl-PL","@id":"https:\/\/www.chemin-neuf.media\/pl\/m\/od-guru-do-jezusa-ojciec-joseph-marie-verlinde\/#primaryimage","url":"https:\/\/www.chemin-neuf.media\/wp-content\/uploads\/2017\/06\/mqdefault-61.jpg","contentUrl":"https:\/\/www.chemin-neuf.media\/wp-content\/uploads\/2017\/06\/mqdefault-61.jpg","width":320,"height":180,"caption":"Od guru do Jezusa Ojciec Joseph-Marie Verlinde"},{"@type":"BreadcrumbList","@id":"https:\/\/www.chemin-neuf.media\/pl\/m\/od-guru-do-jezusa-ojciec-joseph-marie-verlinde\/#breadcrumb","itemListElement":[{"@type":"ListItem","position":1,"name":"Home","item":"https:\/\/www.chemin-neuf.media\/pl\/"},{"@type":"ListItem","position":2,"name":"Meta Medias","item":"https:\/\/www.chemin-neuf.media\/pl\/m\/"},{"@type":"ListItem","position":3,"name":"Od guru do Jezusa Ojciec Joseph-Marie Verlinde"}]},{"@type":"WebSite","@id":"https:\/\/www.chemin-neuf.media\/pl\/#website","url":"https:\/\/www.chemin-neuf.media\/pl\/","name":"Chemin Neuf Media","description":"Tous les m\u00e9dias de la  Communaut\u00e9 du Chemin Neuf","potentialAction":[{"@type":"SearchAction","target":{"@type":"EntryPoint","urlTemplate":"https:\/\/www.chemin-neuf.media\/pl\/?s={search_term_string}"},"query-input":{"@type":"PropertyValueSpecification","valueRequired":true,"valueName":"search_term_string"}}],"inLanguage":"pl-PL"}]}},"_links":{"self":[{"href":"https:\/\/www.chemin-neuf.media\/pl\/wp-json\/wp\/v2\/m\/33980","targetHints":{"allow":["GET"]}}],"collection":[{"href":"https:\/\/www.chemin-neuf.media\/pl\/wp-json\/wp\/v2\/m"}],"about":[{"href":"https:\/\/www.chemin-neuf.media\/pl\/wp-json\/wp\/v2\/types\/m"}],"version-history":[{"count":1,"href":"https:\/\/www.chemin-neuf.media\/pl\/wp-json\/wp\/v2\/m\/33980\/revisions"}],"predecessor-version":[{"id":42351,"href":"https:\/\/www.chemin-neuf.media\/pl\/wp-json\/wp\/v2\/m\/33980\/revisions\/42351"}],"wp:featuredmedia":[{"embeddable":true,"href":"https:\/\/www.chemin-neuf.media\/pl\/wp-json\/wp\/v2\/media\/33981"}],"wp:attachment":[{"href":"https:\/\/www.chemin-neuf.media\/pl\/wp-json\/wp\/v2\/media?parent=33980"}],"wp:term":[{"taxonomy":"media-categorie","embeddable":true,"href":"https:\/\/www.chemin-neuf.media\/pl\/wp-json\/wp\/v2\/media-categorie?post=33980"},{"taxonomy":"media-type","embeddable":true,"href":"https:\/\/www.chemin-neuf.media\/pl\/wp-json\/wp\/v2\/media-type?post=33980"},{"taxonomy":"chaine","embeddable":true,"href":"https:\/\/www.chemin-neuf.media\/pl\/wp-json\/wp\/v2\/chaine?post=33980"},{"taxonomy":"thematique","embeddable":true,"href":"https:\/\/www.chemin-neuf.media\/pl\/wp-json\/wp\/v2\/thematique?post=33980"},{"taxonomy":"media-tag","embeddable":true,"href":"https:\/\/www.chemin-neuf.media\/pl\/wp-json\/wp\/v2\/media-tag?post=33980"},{"taxonomy":"media-lang","embeddable":true,"href":"https:\/\/www.chemin-neuf.media\/pl\/wp-json\/wp\/v2\/media-lang?post=33980"}],"curies":[{"name":"wp","href":"https:\/\/api.w.org\/{rel}","templated":true}]}}