{"id":53978,"date":"2024-03-15T00:00:00","date_gmt":"2024-03-14T23:00:00","guid":{"rendered":"https:\/\/www.chemin-neuf.media\/m\/foi-benedicte-le-callennecutm_sourceclipboardutm_mediumtextutm_campaignsocial_sharingsi897cb7d6a88a41d097c5eb9e12876f3-audio\/"},"modified":"2024-03-15T00:00:00","modified_gmt":"2024-03-14T23:00:00","slug":"foi-benedicte-le-callennecutm_sourceclipboardutm_mediumtextutm_campaignsocial_sharingsi897cb7d6a88a41d097c5eb9e12876f3-audio","status":"publish","type":"m","link":"https:\/\/www.chemin-neuf.media\/it\/m\/foi-benedicte-le-callennecutm_sourceclipboardutm_mediumtextutm_campaignsocial_sharingsi897cb7d6a88a41d097c5eb9e12876f3-audio\/","title":{"rendered":"En famille, apprendre \u00e0 aimer et \u00e0 dialoguer !"},"content":{"rendered":"","protected":false},"excerpt":{"rendered":"<p>R\u00eavons un peu\u2026 Dans la \u00ab famille id\u00e9ale\u00bb , chacun pourrait exprimer ses \u00e9motions en toute s\u00e9curit\u00e9,d\u00e9velopper sa personnalit\u00e9, recevoir et donner, partager ses id\u00e9es avec les autres membres du foyer\u2026 pour ensuite \u00eatre en mesure de se d\u00e9ployer \u00e0 l\u2019ext\u00e9rieur de la famille. Mais voil\u00e0, r\u00e9aliser ce r\u00eave n\u2019est pas si simple !<\/p>\n","protected":false},"featured_media":53979,"menu_order":0,"template":"","meta":{"_acf_changed":false,"footnotes":""},"media-categorie":[68,2051],"media-type":[53],"chaine":[51],"thematique":[2020,67,2023],"media-tag":[],"media-lang":[2413],"class_list":["post-53978","m","type-m","status-publish","has-post-thumbnail","hentry","media-categorie-enseignement","media-categorie-temoignages-interviews","media-type-audio","chaine-revue-foi","thematique-formation-chretienne","thematique-regard-sur-le-monde","thematique-vie-de-la-communaute","media-lang-fr"],"acf":[],"yoast_head":"<!-- This site is optimized with the Yoast SEO plugin v28.3 - https:\/\/yoast.com\/product\/yoast-seo-wordpress\/ -->\n<title>En famille, apprendre \u00e0 aimer et \u00e0 dialoguer ! - Chemin Neuf Media<\/title>\n<meta name=\"robots\" content=\"index, follow, max-snippet:-1, max-image-preview:large, max-video-preview:-1\" \/>\n<link rel=\"canonical\" href=\"https:\/\/www.chemin-neuf.media\/it\/m\/foi-benedicte-le-callennecutm_sourceclipboardutm_mediumtextutm_campaignsocial_sharingsi897cb7d6a88a41d097c5eb9e12876f3-audio\/\" \/>\n<meta property=\"og:locale\" content=\"it_IT\" \/>\n<meta property=\"og:type\" content=\"article\" \/>\n<meta property=\"og:title\" content=\"En famille, apprendre \u00e0 aimer et \u00e0 dialoguer ! - Chemin Neuf Media\" \/>\n<meta property=\"og:description\" content=\"R\u00eavons un peu\u2026 Dans la \u00ab famille id\u00e9ale\u00bb , chacun pourrait exprimer ses \u00e9motions en toute s\u00e9curit\u00e9,d\u00e9velopper sa personnalit\u00e9, recevoir et donner, partager ses id\u00e9es avec les autres membres du foyer\u2026 pour ensuite \u00eatre en mesure de se d\u00e9ployer \u00e0 l\u2019ext\u00e9rieur de la famille. Mais voil\u00e0, r\u00e9aliser ce r\u00eave n\u2019est pas si simple !\" \/>\n<meta property=\"og:url\" content=\"https:\/\/www.chemin-neuf.media\/it\/m\/foi-benedicte-le-callennecutm_sourceclipboardutm_mediumtextutm_campaignsocial_sharingsi897cb7d6a88a41d097c5eb9e12876f3-audio\/\" \/>\n<meta property=\"og:site_name\" content=\"Chemin Neuf Media\" \/>\n<meta property=\"article:publisher\" content=\"https:\/\/www.facebook.com\/Communaut%c3%a9-du-Chemin-Neuf-au-Canada-417217815001100\" \/>\n<meta property=\"og:image\" content=\"https:\/\/www.chemin-neuf.media\/wp-content\/uploads\/2024\/03\/image-2-3-1-1.jpg\" \/>\n\t<meta property=\"og:image:width\" content=\"439\" \/>\n\t<meta property=\"og:image:height\" content=\"298\" \/>\n\t<meta property=\"og:image:type\" content=\"image\/jpeg\" \/>\n<meta name=\"twitter:card\" content=\"summary_large_image\" \/>\n<script type=\"application\/ld+json\" class=\"yoast-schema-graph\">{\"@context\":\"https:\\\/\\\/schema.org\",\"@graph\":[{\"@type\":\"WebPage\",\"@id\":\"https:\\\/\\\/www.chemin-neuf.media\\\/it\\\/m\\\/foi-benedicte-le-callennecutm_sourceclipboardutm_mediumtextutm_campaignsocial_sharingsi897cb7d6a88a41d097c5eb9e12876f3-audio\\\/\",\"url\":\"https:\\\/\\\/www.chemin-neuf.media\\\/it\\\/m\\\/foi-benedicte-le-callennecutm_sourceclipboardutm_mediumtextutm_campaignsocial_sharingsi897cb7d6a88a41d097c5eb9e12876f3-audio\\\/\",\"name\":\"En famille, apprendre \u00e0 aimer et \u00e0 dialoguer ! - Chemin Neuf Media\",\"isPartOf\":{\"@id\":\"https:\\\/\\\/www.chemin-neuf.media\\\/it\\\/#website\"},\"primaryImageOfPage\":{\"@id\":\"https:\\\/\\\/www.chemin-neuf.media\\\/it\\\/m\\\/foi-benedicte-le-callennecutm_sourceclipboardutm_mediumtextutm_campaignsocial_sharingsi897cb7d6a88a41d097c5eb9e12876f3-audio\\\/#primaryimage\"},\"image\":{\"@id\":\"https:\\\/\\\/www.chemin-neuf.media\\\/it\\\/m\\\/foi-benedicte-le-callennecutm_sourceclipboardutm_mediumtextutm_campaignsocial_sharingsi897cb7d6a88a41d097c5eb9e12876f3-audio\\\/#primaryimage\"},\"thumbnailUrl\":\"https:\\\/\\\/www.chemin-neuf.media\\\/wp-content\\\/uploads\\\/2024\\\/03\\\/image-2-3-1-1.jpg\",\"datePublished\":\"2024-03-14T23:00:00+00:00\",\"breadcrumb\":{\"@id\":\"https:\\\/\\\/www.chemin-neuf.media\\\/it\\\/m\\\/foi-benedicte-le-callennecutm_sourceclipboardutm_mediumtextutm_campaignsocial_sharingsi897cb7d6a88a41d097c5eb9e12876f3-audio\\\/#breadcrumb\"},\"inLanguage\":\"it-IT\",\"potentialAction\":[{\"@type\":\"ReadAction\",\"target\":[\"https:\\\/\\\/www.chemin-neuf.media\\\/it\\\/m\\\/foi-benedicte-le-callennecutm_sourceclipboardutm_mediumtextutm_campaignsocial_sharingsi897cb7d6a88a41d097c5eb9e12876f3-audio\\\/\"]}]},{\"@type\":\"ImageObject\",\"inLanguage\":\"it-IT\",\"@id\":\"https:\\\/\\\/www.chemin-neuf.media\\\/it\\\/m\\\/foi-benedicte-le-callennecutm_sourceclipboardutm_mediumtextutm_campaignsocial_sharingsi897cb7d6a88a41d097c5eb9e12876f3-audio\\\/#primaryimage\",\"url\":\"https:\\\/\\\/www.chemin-neuf.media\\\/wp-content\\\/uploads\\\/2024\\\/03\\\/image-2-3-1-1.jpg\",\"contentUrl\":\"https:\\\/\\\/www.chemin-neuf.media\\\/wp-content\\\/uploads\\\/2024\\\/03\\\/image-2-3-1-1.jpg\",\"width\":439,\"height\":298,\"caption\":\"En famille, apprendre \u00e0 aimer et \u00e0 dialoguer !\"},{\"@type\":\"BreadcrumbList\",\"@id\":\"https:\\\/\\\/www.chemin-neuf.media\\\/it\\\/m\\\/foi-benedicte-le-callennecutm_sourceclipboardutm_mediumtextutm_campaignsocial_sharingsi897cb7d6a88a41d097c5eb9e12876f3-audio\\\/#breadcrumb\",\"itemListElement\":[{\"@type\":\"ListItem\",\"position\":1,\"name\":\"Home\",\"item\":\"https:\\\/\\\/www.chemin-neuf.media\\\/it\\\/\"},{\"@type\":\"ListItem\",\"position\":2,\"name\":\"Meta Medias\",\"item\":\"https:\\\/\\\/www.chemin-neuf.media\\\/it\\\/m\\\/\"},{\"@type\":\"ListItem\",\"position\":3,\"name\":\"En famille, apprendre \u00e0 aimer et \u00e0 dialoguer !\"}]},{\"@type\":\"WebSite\",\"@id\":\"https:\\\/\\\/www.chemin-neuf.media\\\/it\\\/#website\",\"url\":\"https:\\\/\\\/www.chemin-neuf.media\\\/it\\\/\",\"name\":\"Chemin Neuf Media\",\"description\":\"Tous les m\u00e9dias de la  Communaut\u00e9 du Chemin Neuf\",\"potentialAction\":[{\"@type\":\"SearchAction\",\"target\":{\"@type\":\"EntryPoint\",\"urlTemplate\":\"https:\\\/\\\/www.chemin-neuf.media\\\/it\\\/?s={search_term_string}\"},\"query-input\":{\"@type\":\"PropertyValueSpecification\",\"valueRequired\":true,\"valueName\":\"search_term_string\"}}],\"inLanguage\":\"it-IT\"}]}<\/script>\n<!-- \/ Yoast SEO plugin. -->","yoast_head_json":{"title":"En famille, apprendre \u00e0 aimer et \u00e0 dialoguer ! - Chemin Neuf Media","robots":{"index":"index","follow":"follow","max-snippet":"max-snippet:-1","max-image-preview":"max-image-preview:large","max-video-preview":"max-video-preview:-1"},"canonical":"https:\/\/www.chemin-neuf.media\/it\/m\/foi-benedicte-le-callennecutm_sourceclipboardutm_mediumtextutm_campaignsocial_sharingsi897cb7d6a88a41d097c5eb9e12876f3-audio\/","og_locale":"it_IT","og_type":"article","og_title":"En famille, apprendre \u00e0 aimer et \u00e0 dialoguer ! - Chemin Neuf Media","og_description":"R\u00eavons un peu\u2026 Dans la \u00ab famille id\u00e9ale\u00bb , chacun pourrait exprimer ses \u00e9motions en toute s\u00e9curit\u00e9,d\u00e9velopper sa personnalit\u00e9, recevoir et donner, partager ses id\u00e9es avec les autres membres du foyer\u2026 pour ensuite \u00eatre en mesure de se d\u00e9ployer \u00e0 l\u2019ext\u00e9rieur de la famille. Mais voil\u00e0, r\u00e9aliser ce r\u00eave n\u2019est pas si simple !","og_url":"https:\/\/www.chemin-neuf.media\/it\/m\/foi-benedicte-le-callennecutm_sourceclipboardutm_mediumtextutm_campaignsocial_sharingsi897cb7d6a88a41d097c5eb9e12876f3-audio\/","og_site_name":"Chemin Neuf Media","article_publisher":"https:\/\/www.facebook.com\/Communaut%c3%a9-du-Chemin-Neuf-au-Canada-417217815001100","og_image":[{"width":439,"height":298,"url":"https:\/\/www.chemin-neuf.media\/wp-content\/uploads\/2024\/03\/image-2-3-1-1.jpg","type":"image\/jpeg"}],"twitter_card":"summary_large_image","schema":{"@context":"https:\/\/schema.org","@graph":[{"@type":"WebPage","@id":"https:\/\/www.chemin-neuf.media\/it\/m\/foi-benedicte-le-callennecutm_sourceclipboardutm_mediumtextutm_campaignsocial_sharingsi897cb7d6a88a41d097c5eb9e12876f3-audio\/","url":"https:\/\/www.chemin-neuf.media\/it\/m\/foi-benedicte-le-callennecutm_sourceclipboardutm_mediumtextutm_campaignsocial_sharingsi897cb7d6a88a41d097c5eb9e12876f3-audio\/","name":"En famille, apprendre \u00e0 aimer et \u00e0 dialoguer ! - Chemin Neuf Media","isPartOf":{"@id":"https:\/\/www.chemin-neuf.media\/it\/#website"},"primaryImageOfPage":{"@id":"https:\/\/www.chemin-neuf.media\/it\/m\/foi-benedicte-le-callennecutm_sourceclipboardutm_mediumtextutm_campaignsocial_sharingsi897cb7d6a88a41d097c5eb9e12876f3-audio\/#primaryimage"},"image":{"@id":"https:\/\/www.chemin-neuf.media\/it\/m\/foi-benedicte-le-callennecutm_sourceclipboardutm_mediumtextutm_campaignsocial_sharingsi897cb7d6a88a41d097c5eb9e12876f3-audio\/#primaryimage"},"thumbnailUrl":"https:\/\/www.chemin-neuf.media\/wp-content\/uploads\/2024\/03\/image-2-3-1-1.jpg","datePublished":"2024-03-14T23:00:00+00:00","breadcrumb":{"@id":"https:\/\/www.chemin-neuf.media\/it\/m\/foi-benedicte-le-callennecutm_sourceclipboardutm_mediumtextutm_campaignsocial_sharingsi897cb7d6a88a41d097c5eb9e12876f3-audio\/#breadcrumb"},"inLanguage":"it-IT","potentialAction":[{"@type":"ReadAction","target":["https:\/\/www.chemin-neuf.media\/it\/m\/foi-benedicte-le-callennecutm_sourceclipboardutm_mediumtextutm_campaignsocial_sharingsi897cb7d6a88a41d097c5eb9e12876f3-audio\/"]}]},{"@type":"ImageObject","inLanguage":"it-IT","@id":"https:\/\/www.chemin-neuf.media\/it\/m\/foi-benedicte-le-callennecutm_sourceclipboardutm_mediumtextutm_campaignsocial_sharingsi897cb7d6a88a41d097c5eb9e12876f3-audio\/#primaryimage","url":"https:\/\/www.chemin-neuf.media\/wp-content\/uploads\/2024\/03\/image-2-3-1-1.jpg","contentUrl":"https:\/\/www.chemin-neuf.media\/wp-content\/uploads\/2024\/03\/image-2-3-1-1.jpg","width":439,"height":298,"caption":"En famille, apprendre \u00e0 aimer et \u00e0 dialoguer !"},{"@type":"BreadcrumbList","@id":"https:\/\/www.chemin-neuf.media\/it\/m\/foi-benedicte-le-callennecutm_sourceclipboardutm_mediumtextutm_campaignsocial_sharingsi897cb7d6a88a41d097c5eb9e12876f3-audio\/#breadcrumb","itemListElement":[{"@type":"ListItem","position":1,"name":"Home","item":"https:\/\/www.chemin-neuf.media\/it\/"},{"@type":"ListItem","position":2,"name":"Meta Medias","item":"https:\/\/www.chemin-neuf.media\/it\/m\/"},{"@type":"ListItem","position":3,"name":"En famille, apprendre \u00e0 aimer et \u00e0 dialoguer !"}]},{"@type":"WebSite","@id":"https:\/\/www.chemin-neuf.media\/it\/#website","url":"https:\/\/www.chemin-neuf.media\/it\/","name":"Chemin Neuf Media","description":"Tous les m\u00e9dias de la  Communaut\u00e9 du Chemin Neuf","potentialAction":[{"@type":"SearchAction","target":{"@type":"EntryPoint","urlTemplate":"https:\/\/www.chemin-neuf.media\/it\/?s={search_term_string}"},"query-input":{"@type":"PropertyValueSpecification","valueRequired":true,"valueName":"search_term_string"}}],"inLanguage":"it-IT"}]}},"_links":{"self":[{"href":"https:\/\/www.chemin-neuf.media\/it\/wp-json\/wp\/v2\/m\/53978","targetHints":{"allow":["GET"]}}],"collection":[{"href":"https:\/\/www.chemin-neuf.media\/it\/wp-json\/wp\/v2\/m"}],"about":[{"href":"https:\/\/www.chemin-neuf.media\/it\/wp-json\/wp\/v2\/types\/m"}],"version-history":[{"count":0,"href":"https:\/\/www.chemin-neuf.media\/it\/wp-json\/wp\/v2\/m\/53978\/revisions"}],"wp:featuredmedia":[{"embeddable":true,"href":"https:\/\/www.chemin-neuf.media\/it\/wp-json\/wp\/v2\/media\/53979"}],"wp:attachment":[{"href":"https:\/\/www.chemin-neuf.media\/it\/wp-json\/wp\/v2\/media?parent=53978"}],"wp:term":[{"taxonomy":"media-categorie","embeddable":true,"href":"https:\/\/www.chemin-neuf.media\/it\/wp-json\/wp\/v2\/media-categorie?post=53978"},{"taxonomy":"media-type","embeddable":true,"href":"https:\/\/www.chemin-neuf.media\/it\/wp-json\/wp\/v2\/media-type?post=53978"},{"taxonomy":"chaine","embeddable":true,"href":"https:\/\/www.chemin-neuf.media\/it\/wp-json\/wp\/v2\/chaine?post=53978"},{"taxonomy":"thematique","embeddable":true,"href":"https:\/\/www.chemin-neuf.media\/it\/wp-json\/wp\/v2\/thematique?post=53978"},{"taxonomy":"media-tag","embeddable":true,"href":"https:\/\/www.chemin-neuf.media\/it\/wp-json\/wp\/v2\/media-tag?post=53978"},{"taxonomy":"media-lang","embeddable":true,"href":"https:\/\/www.chemin-neuf.media\/it\/wp-json\/wp\/v2\/media-lang?post=53978"}],"curies":[{"name":"wp","href":"https:\/\/api.w.org\/{rel}","templated":true}]}}