{"id":51939,"date":"2024-03-15T11:30:16","date_gmt":"2024-03-15T10:30:16","guid":{"rendered":"https:\/\/www.chemin-neuf.media\/fr\/m\/priere-histoire-et-conversion-la-methode-du-groupe-des-dombes\/"},"modified":"2024-03-15T11:30:16","modified_gmt":"2024-03-15T10:30:16","slug":"priere-histoire-et-conversion-la-methode-du-groupe-des-dombes","status":"publish","type":"m","link":"https:\/\/www.chemin-neuf.media\/it\/m\/priere-histoire-et-conversion-la-methode-du-groupe-des-dombes\/","title":{"rendered":"Pri\u00e8re, histoire et conversion, la m\u00e9thode du Groupe des Dombes"},"content":{"rendered":"","protected":false},"excerpt":{"rendered":"<p>Le Groupe des Dombes, fond\u00e9 en 1937 \u00e0 l\u2019initiative de l\u2019abb\u00e9 Paul Couturier, r\u00e9unit une quarantaine de membres, catholiques et protestants, de France, Belgique et Suisse. Ses documents, traduits en de nombreuses langues, constituent une r\u00e9f\u00e9rence dans le dialogue \u0153cum\u00e9nique. Dans un nouvel ouvrage, De toutes les nations\u2026Pour la catholicit\u00e9 des Eglises, le Groupe des Dombes propose aux chr\u00e9tiens de toutes confessions le fruit de sa r\u00e9flexion sur un th\u00e8me eccl\u00e9siologique fondamental, celui de la catholicit\u00e9 des Eglises. La question a une port\u00e9e \u0153cum\u00e9nique : si une \u00c9glise ose se pr\u00e9tendre catholique, qu\u2019en est-il de la catholicit\u00e9 des autres \u00c9glises ? Pierre Lathuili\u00e8re, pr\u00eatre catholique et membre du Groupe des Dombes, revient sur le travail d\u2019\u00e9coute mutuel qui a pr\u00e9sid\u00e9 \u00e0 ces ann\u00e9es d\u2019\u00e9laboration.<\/p>\n","protected":false},"featured_media":51940,"menu_order":0,"template":"","meta":{"_acf_changed":false,"footnotes":""},"media-categorie":[68,2051],"media-type":[50],"chaine":[51],"thematique":[67,2023],"media-tag":[],"media-lang":[2413],"class_list":["post-51939","m","type-m","status-publish","has-post-thumbnail","hentry","media-categorie-enseignement","media-categorie-temoignages-interviews","media-type-text","chaine-revue-foi","thematique-regard-sur-le-monde","thematique-vie-de-la-communaute","media-lang-fr"],"acf":[],"yoast_head":"<!-- This site is optimized with the Yoast SEO plugin v28.3 - https:\/\/yoast.com\/product\/yoast-seo-wordpress\/ -->\n<title>Pri\u00e8re, histoire et conversion, la m\u00e9thode du Groupe des Dombes - Chemin Neuf Media<\/title>\n<meta name=\"robots\" content=\"index, follow, max-snippet:-1, max-image-preview:large, max-video-preview:-1\" \/>\n<link rel=\"canonical\" href=\"https:\/\/www.chemin-neuf.media\/it\/m\/priere-histoire-et-conversion-la-methode-du-groupe-des-dombes\/\" \/>\n<meta property=\"og:locale\" content=\"it_IT\" \/>\n<meta property=\"og:type\" content=\"article\" \/>\n<meta property=\"og:title\" content=\"Pri\u00e8re, histoire et conversion, la m\u00e9thode du Groupe des Dombes - Chemin Neuf Media\" \/>\n<meta property=\"og:description\" content=\"Le Groupe des Dombes, fond\u00e9 en 1937 \u00e0 l\u2019initiative de l\u2019abb\u00e9 Paul Couturier, r\u00e9unit une quarantaine de membres, catholiques et protestants, de France, Belgique et Suisse. Ses documents, traduits en de nombreuses langues, constituent une r\u00e9f\u00e9rence dans le dialogue \u0153cum\u00e9nique. Dans un nouvel ouvrage, De toutes les nations\u2026Pour la catholicit\u00e9 des Eglises, le Groupe des Dombes propose aux chr\u00e9tiens de toutes confessions le fruit de sa r\u00e9flexion sur un th\u00e8me eccl\u00e9siologique fondamental, celui de la catholicit\u00e9 des Eglises. La question a une port\u00e9e \u0153cum\u00e9nique : si une \u00c9glise ose se pr\u00e9tendre catholique, qu\u2019en est-il de la catholicit\u00e9 des autres \u00c9glises ? Pierre Lathuili\u00e8re, pr\u00eatre catholique et membre du Groupe des Dombes, revient sur le travail d\u2019\u00e9coute mutuel qui a pr\u00e9sid\u00e9 \u00e0 ces ann\u00e9es d\u2019\u00e9laboration.\" \/>\n<meta property=\"og:url\" content=\"https:\/\/www.chemin-neuf.media\/it\/m\/priere-histoire-et-conversion-la-methode-du-groupe-des-dombes\/\" \/>\n<meta property=\"og:site_name\" content=\"Chemin Neuf Media\" \/>\n<meta property=\"article:publisher\" content=\"https:\/\/www.facebook.com\/Communaut%c3%a9-du-Chemin-Neuf-au-Canada-417217815001100\" \/>\n<meta property=\"og:image\" content=\"https:\/\/www.chemin-neuf.media\/wp-content\/uploads\/2024\/03\/image-2-2.jpg\" \/>\n\t<meta property=\"og:image:width\" content=\"589\" \/>\n\t<meta property=\"og:image:height\" content=\"358\" \/>\n\t<meta property=\"og:image:type\" content=\"image\/jpeg\" \/>\n<meta name=\"twitter:card\" content=\"summary_large_image\" \/>\n<script type=\"application\/ld+json\" class=\"yoast-schema-graph\">{\"@context\":\"https:\\\/\\\/schema.org\",\"@graph\":[{\"@type\":\"WebPage\",\"@id\":\"https:\\\/\\\/www.chemin-neuf.media\\\/it\\\/m\\\/priere-histoire-et-conversion-la-methode-du-groupe-des-dombes\\\/\",\"url\":\"https:\\\/\\\/www.chemin-neuf.media\\\/it\\\/m\\\/priere-histoire-et-conversion-la-methode-du-groupe-des-dombes\\\/\",\"name\":\"Pri\u00e8re, histoire et conversion, la m\u00e9thode du Groupe des Dombes - Chemin Neuf Media\",\"isPartOf\":{\"@id\":\"https:\\\/\\\/www.chemin-neuf.media\\\/it\\\/#website\"},\"primaryImageOfPage\":{\"@id\":\"https:\\\/\\\/www.chemin-neuf.media\\\/it\\\/m\\\/priere-histoire-et-conversion-la-methode-du-groupe-des-dombes\\\/#primaryimage\"},\"image\":{\"@id\":\"https:\\\/\\\/www.chemin-neuf.media\\\/it\\\/m\\\/priere-histoire-et-conversion-la-methode-du-groupe-des-dombes\\\/#primaryimage\"},\"thumbnailUrl\":\"https:\\\/\\\/www.chemin-neuf.media\\\/wp-content\\\/uploads\\\/2024\\\/03\\\/image-2-2.jpg\",\"datePublished\":\"2024-03-15T10:30:16+00:00\",\"breadcrumb\":{\"@id\":\"https:\\\/\\\/www.chemin-neuf.media\\\/it\\\/m\\\/priere-histoire-et-conversion-la-methode-du-groupe-des-dombes\\\/#breadcrumb\"},\"inLanguage\":\"it-IT\",\"potentialAction\":[{\"@type\":\"ReadAction\",\"target\":[\"https:\\\/\\\/www.chemin-neuf.media\\\/it\\\/m\\\/priere-histoire-et-conversion-la-methode-du-groupe-des-dombes\\\/\"]}]},{\"@type\":\"ImageObject\",\"inLanguage\":\"it-IT\",\"@id\":\"https:\\\/\\\/www.chemin-neuf.media\\\/it\\\/m\\\/priere-histoire-et-conversion-la-methode-du-groupe-des-dombes\\\/#primaryimage\",\"url\":\"https:\\\/\\\/www.chemin-neuf.media\\\/wp-content\\\/uploads\\\/2024\\\/03\\\/image-2-2.jpg\",\"contentUrl\":\"https:\\\/\\\/www.chemin-neuf.media\\\/wp-content\\\/uploads\\\/2024\\\/03\\\/image-2-2.jpg\",\"width\":589,\"height\":358,\"caption\":\"Pri\u00e8re, histoire et conversion, la m\u00e9thode du Groupe des Dombes\"},{\"@type\":\"BreadcrumbList\",\"@id\":\"https:\\\/\\\/www.chemin-neuf.media\\\/it\\\/m\\\/priere-histoire-et-conversion-la-methode-du-groupe-des-dombes\\\/#breadcrumb\",\"itemListElement\":[{\"@type\":\"ListItem\",\"position\":1,\"name\":\"Home\",\"item\":\"https:\\\/\\\/www.chemin-neuf.media\\\/it\\\/\"},{\"@type\":\"ListItem\",\"position\":2,\"name\":\"Meta Medias\",\"item\":\"https:\\\/\\\/www.chemin-neuf.media\\\/it\\\/m\\\/\"},{\"@type\":\"ListItem\",\"position\":3,\"name\":\"Pri\u00e8re, histoire et conversion, la m\u00e9thode du Groupe des Dombes\"}]},{\"@type\":\"WebSite\",\"@id\":\"https:\\\/\\\/www.chemin-neuf.media\\\/it\\\/#website\",\"url\":\"https:\\\/\\\/www.chemin-neuf.media\\\/it\\\/\",\"name\":\"Chemin Neuf Media\",\"description\":\"Tous les m\u00e9dias de la  Communaut\u00e9 du Chemin Neuf\",\"potentialAction\":[{\"@type\":\"SearchAction\",\"target\":{\"@type\":\"EntryPoint\",\"urlTemplate\":\"https:\\\/\\\/www.chemin-neuf.media\\\/it\\\/?s={search_term_string}\"},\"query-input\":{\"@type\":\"PropertyValueSpecification\",\"valueRequired\":true,\"valueName\":\"search_term_string\"}}],\"inLanguage\":\"it-IT\"}]}<\/script>\n<!-- \/ Yoast SEO plugin. -->","yoast_head_json":{"title":"Pri\u00e8re, histoire et conversion, la m\u00e9thode du Groupe des Dombes - Chemin Neuf Media","robots":{"index":"index","follow":"follow","max-snippet":"max-snippet:-1","max-image-preview":"max-image-preview:large","max-video-preview":"max-video-preview:-1"},"canonical":"https:\/\/www.chemin-neuf.media\/it\/m\/priere-histoire-et-conversion-la-methode-du-groupe-des-dombes\/","og_locale":"it_IT","og_type":"article","og_title":"Pri\u00e8re, histoire et conversion, la m\u00e9thode du Groupe des Dombes - Chemin Neuf Media","og_description":"Le Groupe des Dombes, fond\u00e9 en 1937 \u00e0 l\u2019initiative de l\u2019abb\u00e9 Paul Couturier, r\u00e9unit une quarantaine de membres, catholiques et protestants, de France, Belgique et Suisse. Ses documents, traduits en de nombreuses langues, constituent une r\u00e9f\u00e9rence dans le dialogue \u0153cum\u00e9nique. Dans un nouvel ouvrage, De toutes les nations\u2026Pour la catholicit\u00e9 des Eglises, le Groupe des Dombes propose aux chr\u00e9tiens de toutes confessions le fruit de sa r\u00e9flexion sur un th\u00e8me eccl\u00e9siologique fondamental, celui de la catholicit\u00e9 des Eglises. La question a une port\u00e9e \u0153cum\u00e9nique : si une \u00c9glise ose se pr\u00e9tendre catholique, qu\u2019en est-il de la catholicit\u00e9 des autres \u00c9glises ? Pierre Lathuili\u00e8re, pr\u00eatre catholique et membre du Groupe des Dombes, revient sur le travail d\u2019\u00e9coute mutuel qui a pr\u00e9sid\u00e9 \u00e0 ces ann\u00e9es d\u2019\u00e9laboration.","og_url":"https:\/\/www.chemin-neuf.media\/it\/m\/priere-histoire-et-conversion-la-methode-du-groupe-des-dombes\/","og_site_name":"Chemin Neuf Media","article_publisher":"https:\/\/www.facebook.com\/Communaut%c3%a9-du-Chemin-Neuf-au-Canada-417217815001100","og_image":[{"width":589,"height":358,"url":"https:\/\/www.chemin-neuf.media\/wp-content\/uploads\/2024\/03\/image-2-2.jpg","type":"image\/jpeg"}],"twitter_card":"summary_large_image","schema":{"@context":"https:\/\/schema.org","@graph":[{"@type":"WebPage","@id":"https:\/\/www.chemin-neuf.media\/it\/m\/priere-histoire-et-conversion-la-methode-du-groupe-des-dombes\/","url":"https:\/\/www.chemin-neuf.media\/it\/m\/priere-histoire-et-conversion-la-methode-du-groupe-des-dombes\/","name":"Pri\u00e8re, histoire et conversion, la m\u00e9thode du Groupe des Dombes - Chemin Neuf Media","isPartOf":{"@id":"https:\/\/www.chemin-neuf.media\/it\/#website"},"primaryImageOfPage":{"@id":"https:\/\/www.chemin-neuf.media\/it\/m\/priere-histoire-et-conversion-la-methode-du-groupe-des-dombes\/#primaryimage"},"image":{"@id":"https:\/\/www.chemin-neuf.media\/it\/m\/priere-histoire-et-conversion-la-methode-du-groupe-des-dombes\/#primaryimage"},"thumbnailUrl":"https:\/\/www.chemin-neuf.media\/wp-content\/uploads\/2024\/03\/image-2-2.jpg","datePublished":"2024-03-15T10:30:16+00:00","breadcrumb":{"@id":"https:\/\/www.chemin-neuf.media\/it\/m\/priere-histoire-et-conversion-la-methode-du-groupe-des-dombes\/#breadcrumb"},"inLanguage":"it-IT","potentialAction":[{"@type":"ReadAction","target":["https:\/\/www.chemin-neuf.media\/it\/m\/priere-histoire-et-conversion-la-methode-du-groupe-des-dombes\/"]}]},{"@type":"ImageObject","inLanguage":"it-IT","@id":"https:\/\/www.chemin-neuf.media\/it\/m\/priere-histoire-et-conversion-la-methode-du-groupe-des-dombes\/#primaryimage","url":"https:\/\/www.chemin-neuf.media\/wp-content\/uploads\/2024\/03\/image-2-2.jpg","contentUrl":"https:\/\/www.chemin-neuf.media\/wp-content\/uploads\/2024\/03\/image-2-2.jpg","width":589,"height":358,"caption":"Pri\u00e8re, histoire et conversion, la m\u00e9thode du Groupe des Dombes"},{"@type":"BreadcrumbList","@id":"https:\/\/www.chemin-neuf.media\/it\/m\/priere-histoire-et-conversion-la-methode-du-groupe-des-dombes\/#breadcrumb","itemListElement":[{"@type":"ListItem","position":1,"name":"Home","item":"https:\/\/www.chemin-neuf.media\/it\/"},{"@type":"ListItem","position":2,"name":"Meta Medias","item":"https:\/\/www.chemin-neuf.media\/it\/m\/"},{"@type":"ListItem","position":3,"name":"Pri\u00e8re, histoire et conversion, la m\u00e9thode du Groupe des Dombes"}]},{"@type":"WebSite","@id":"https:\/\/www.chemin-neuf.media\/it\/#website","url":"https:\/\/www.chemin-neuf.media\/it\/","name":"Chemin Neuf Media","description":"Tous les m\u00e9dias de la  Communaut\u00e9 du Chemin Neuf","potentialAction":[{"@type":"SearchAction","target":{"@type":"EntryPoint","urlTemplate":"https:\/\/www.chemin-neuf.media\/it\/?s={search_term_string}"},"query-input":{"@type":"PropertyValueSpecification","valueRequired":true,"valueName":"search_term_string"}}],"inLanguage":"it-IT"}]}},"_links":{"self":[{"href":"https:\/\/www.chemin-neuf.media\/it\/wp-json\/wp\/v2\/m\/51939","targetHints":{"allow":["GET"]}}],"collection":[{"href":"https:\/\/www.chemin-neuf.media\/it\/wp-json\/wp\/v2\/m"}],"about":[{"href":"https:\/\/www.chemin-neuf.media\/it\/wp-json\/wp\/v2\/types\/m"}],"version-history":[{"count":0,"href":"https:\/\/www.chemin-neuf.media\/it\/wp-json\/wp\/v2\/m\/51939\/revisions"}],"wp:featuredmedia":[{"embeddable":true,"href":"https:\/\/www.chemin-neuf.media\/it\/wp-json\/wp\/v2\/media\/51940"}],"wp:attachment":[{"href":"https:\/\/www.chemin-neuf.media\/it\/wp-json\/wp\/v2\/media?parent=51939"}],"wp:term":[{"taxonomy":"media-categorie","embeddable":true,"href":"https:\/\/www.chemin-neuf.media\/it\/wp-json\/wp\/v2\/media-categorie?post=51939"},{"taxonomy":"media-type","embeddable":true,"href":"https:\/\/www.chemin-neuf.media\/it\/wp-json\/wp\/v2\/media-type?post=51939"},{"taxonomy":"chaine","embeddable":true,"href":"https:\/\/www.chemin-neuf.media\/it\/wp-json\/wp\/v2\/chaine?post=51939"},{"taxonomy":"thematique","embeddable":true,"href":"https:\/\/www.chemin-neuf.media\/it\/wp-json\/wp\/v2\/thematique?post=51939"},{"taxonomy":"media-tag","embeddable":true,"href":"https:\/\/www.chemin-neuf.media\/it\/wp-json\/wp\/v2\/media-tag?post=51939"},{"taxonomy":"media-lang","embeddable":true,"href":"https:\/\/www.chemin-neuf.media\/it\/wp-json\/wp\/v2\/media-lang?post=51939"}],"curies":[{"name":"wp","href":"https:\/\/api.w.org\/{rel}","templated":true}]}}