{"id":35054,"date":"2023-01-23T15:38:15","date_gmt":"2023-01-23T14:38:15","guid":{"rendered":"https:\/\/chemin-neuf.media\/m\/a-la-source-du-pape-francois\/"},"modified":"2023-01-23T15:38:15","modified_gmt":"2023-01-23T14:38:15","slug":"a-la-source-du-pape-francois","status":"publish","type":"m","link":"https:\/\/www.chemin-neuf.media\/hu\/m\/a-la-source-du-pape-francois\/","title":{"rendered":"A la source du pape Fran\u00e7ois"},"content":{"rendered":"","protected":false},"excerpt":{"rendered":"<p>Lorsqu&rsquo;il est arriv\u00e9 \u00e0 Rome pour le conclave en mars 2013, Jorge Bergoglio pensait c\u00e9l\u00e9brer la messe<br \/>des Rameaux \u00e0 son retour \u00e0 Buenos Aires. Elu pape le 13 mars, Fran\u00e7ois est donc le premier pape venu<br \/>d\u2019Am\u00e9rique latine et le premier pape j\u00e9suite.<\/p>\n","protected":false},"featured_media":35055,"menu_order":0,"template":"","meta":{"_acf_changed":false,"footnotes":""},"media-categorie":[68,2051],"media-type":[50],"chaine":[51],"thematique":[2022],"media-tag":[],"media-lang":[2413],"class_list":["post-35054","m","type-m","status-publish","has-post-thumbnail","hentry","media-categorie-enseignement","media-categorie-temoignages-interviews","media-type-text","chaine-revue-foi","thematique-vie-de-l-eglise","media-lang-fr"],"acf":[],"yoast_head":"<!-- This site is optimized with the Yoast SEO plugin v28.3 - https:\/\/yoast.com\/product\/yoast-seo-wordpress\/ -->\n<title>A la source du pape Fran\u00e7ois - Chemin Neuf Media<\/title>\n<meta name=\"robots\" content=\"index, follow, max-snippet:-1, max-image-preview:large, max-video-preview:-1\" \/>\n<link rel=\"canonical\" href=\"https:\/\/www.chemin-neuf.media\/hu\/m\/a-la-source-du-pape-francois\/\" \/>\n<meta property=\"og:locale\" content=\"hu_HU\" \/>\n<meta property=\"og:type\" content=\"article\" \/>\n<meta property=\"og:title\" content=\"A la source du pape Fran\u00e7ois - Chemin Neuf Media\" \/>\n<meta property=\"og:description\" content=\"Lorsqu&rsquo;il est arriv\u00e9 \u00e0 Rome pour le conclave en mars 2013, Jorge Bergoglio pensait c\u00e9l\u00e9brer la messedes Rameaux \u00e0 son retour \u00e0 Buenos Aires. Elu pape le 13 mars, Fran\u00e7ois est donc le premier pape venud\u2019Am\u00e9rique latine et le premier pape j\u00e9suite.\" \/>\n<meta property=\"og:url\" content=\"https:\/\/www.chemin-neuf.media\/hu\/m\/a-la-source-du-pape-francois\/\" \/>\n<meta property=\"og:site_name\" content=\"Chemin Neuf Media\" \/>\n<meta property=\"article:publisher\" content=\"https:\/\/www.facebook.com\/Communaut%c3%a9-du-Chemin-Neuf-au-Canada-417217815001100\" \/>\n<meta property=\"og:image\" content=\"https:\/\/www.chemin-neuf.media\/wp-content\/uploads\/2023\/01\/cover-terre-4.jpg\" \/>\n\t<meta property=\"og:image:width\" content=\"904\" \/>\n\t<meta property=\"og:image:height\" content=\"500\" \/>\n\t<meta property=\"og:image:type\" content=\"image\/jpeg\" \/>\n<meta name=\"twitter:card\" content=\"summary_large_image\" \/>\n<script type=\"application\/ld+json\" class=\"yoast-schema-graph\">{\"@context\":\"https:\\\/\\\/schema.org\",\"@graph\":[{\"@type\":\"WebPage\",\"@id\":\"https:\\\/\\\/www.chemin-neuf.media\\\/hu\\\/m\\\/a-la-source-du-pape-francois\\\/\",\"url\":\"https:\\\/\\\/www.chemin-neuf.media\\\/hu\\\/m\\\/a-la-source-du-pape-francois\\\/\",\"name\":\"A la source du pape Fran\u00e7ois - Chemin Neuf Media\",\"isPartOf\":{\"@id\":\"https:\\\/\\\/www.chemin-neuf.media\\\/hu\\\/#website\"},\"primaryImageOfPage\":{\"@id\":\"https:\\\/\\\/www.chemin-neuf.media\\\/hu\\\/m\\\/a-la-source-du-pape-francois\\\/#primaryimage\"},\"image\":{\"@id\":\"https:\\\/\\\/www.chemin-neuf.media\\\/hu\\\/m\\\/a-la-source-du-pape-francois\\\/#primaryimage\"},\"thumbnailUrl\":\"https:\\\/\\\/www.chemin-neuf.media\\\/wp-content\\\/uploads\\\/2023\\\/01\\\/cover-terre-4.jpg\",\"datePublished\":\"2023-01-23T14:38:15+00:00\",\"breadcrumb\":{\"@id\":\"https:\\\/\\\/www.chemin-neuf.media\\\/hu\\\/m\\\/a-la-source-du-pape-francois\\\/#breadcrumb\"},\"inLanguage\":\"hu\",\"potentialAction\":[{\"@type\":\"ReadAction\",\"target\":[\"https:\\\/\\\/www.chemin-neuf.media\\\/hu\\\/m\\\/a-la-source-du-pape-francois\\\/\"]}]},{\"@type\":\"ImageObject\",\"inLanguage\":\"hu\",\"@id\":\"https:\\\/\\\/www.chemin-neuf.media\\\/hu\\\/m\\\/a-la-source-du-pape-francois\\\/#primaryimage\",\"url\":\"https:\\\/\\\/www.chemin-neuf.media\\\/wp-content\\\/uploads\\\/2023\\\/01\\\/cover-terre-4.jpg\",\"contentUrl\":\"https:\\\/\\\/www.chemin-neuf.media\\\/wp-content\\\/uploads\\\/2023\\\/01\\\/cover-terre-4.jpg\",\"width\":904,\"height\":500,\"caption\":\"A la source du pape Fran\u00e7ois\"},{\"@type\":\"BreadcrumbList\",\"@id\":\"https:\\\/\\\/www.chemin-neuf.media\\\/hu\\\/m\\\/a-la-source-du-pape-francois\\\/#breadcrumb\",\"itemListElement\":[{\"@type\":\"ListItem\",\"position\":1,\"name\":\"Home\",\"item\":\"https:\\\/\\\/www.chemin-neuf.media\\\/hu\\\/\"},{\"@type\":\"ListItem\",\"position\":2,\"name\":\"Meta Medias\",\"item\":\"https:\\\/\\\/www.chemin-neuf.media\\\/hu\\\/m\\\/\"},{\"@type\":\"ListItem\",\"position\":3,\"name\":\"A la source du pape Fran\u00e7ois\"}]},{\"@type\":\"WebSite\",\"@id\":\"https:\\\/\\\/www.chemin-neuf.media\\\/hu\\\/#website\",\"url\":\"https:\\\/\\\/www.chemin-neuf.media\\\/hu\\\/\",\"name\":\"Chemin Neuf Media\",\"description\":\"Tous les m\u00e9dias de la  Communaut\u00e9 du Chemin Neuf\",\"potentialAction\":[{\"@type\":\"SearchAction\",\"target\":{\"@type\":\"EntryPoint\",\"urlTemplate\":\"https:\\\/\\\/www.chemin-neuf.media\\\/hu\\\/?s={search_term_string}\"},\"query-input\":{\"@type\":\"PropertyValueSpecification\",\"valueRequired\":true,\"valueName\":\"search_term_string\"}}],\"inLanguage\":\"hu\"}]}<\/script>\n<!-- \/ Yoast SEO plugin. -->","yoast_head_json":{"title":"A la source du pape Fran\u00e7ois - Chemin Neuf Media","robots":{"index":"index","follow":"follow","max-snippet":"max-snippet:-1","max-image-preview":"max-image-preview:large","max-video-preview":"max-video-preview:-1"},"canonical":"https:\/\/www.chemin-neuf.media\/hu\/m\/a-la-source-du-pape-francois\/","og_locale":"hu_HU","og_type":"article","og_title":"A la source du pape Fran\u00e7ois - Chemin Neuf Media","og_description":"Lorsqu&rsquo;il est arriv\u00e9 \u00e0 Rome pour le conclave en mars 2013, Jorge Bergoglio pensait c\u00e9l\u00e9brer la messedes Rameaux \u00e0 son retour \u00e0 Buenos Aires. Elu pape le 13 mars, Fran\u00e7ois est donc le premier pape venud\u2019Am\u00e9rique latine et le premier pape j\u00e9suite.","og_url":"https:\/\/www.chemin-neuf.media\/hu\/m\/a-la-source-du-pape-francois\/","og_site_name":"Chemin Neuf Media","article_publisher":"https:\/\/www.facebook.com\/Communaut%c3%a9-du-Chemin-Neuf-au-Canada-417217815001100","og_image":[{"width":904,"height":500,"url":"https:\/\/www.chemin-neuf.media\/wp-content\/uploads\/2023\/01\/cover-terre-4.jpg","type":"image\/jpeg"}],"twitter_card":"summary_large_image","schema":{"@context":"https:\/\/schema.org","@graph":[{"@type":"WebPage","@id":"https:\/\/www.chemin-neuf.media\/hu\/m\/a-la-source-du-pape-francois\/","url":"https:\/\/www.chemin-neuf.media\/hu\/m\/a-la-source-du-pape-francois\/","name":"A la source du pape Fran\u00e7ois - Chemin Neuf Media","isPartOf":{"@id":"https:\/\/www.chemin-neuf.media\/hu\/#website"},"primaryImageOfPage":{"@id":"https:\/\/www.chemin-neuf.media\/hu\/m\/a-la-source-du-pape-francois\/#primaryimage"},"image":{"@id":"https:\/\/www.chemin-neuf.media\/hu\/m\/a-la-source-du-pape-francois\/#primaryimage"},"thumbnailUrl":"https:\/\/www.chemin-neuf.media\/wp-content\/uploads\/2023\/01\/cover-terre-4.jpg","datePublished":"2023-01-23T14:38:15+00:00","breadcrumb":{"@id":"https:\/\/www.chemin-neuf.media\/hu\/m\/a-la-source-du-pape-francois\/#breadcrumb"},"inLanguage":"hu","potentialAction":[{"@type":"ReadAction","target":["https:\/\/www.chemin-neuf.media\/hu\/m\/a-la-source-du-pape-francois\/"]}]},{"@type":"ImageObject","inLanguage":"hu","@id":"https:\/\/www.chemin-neuf.media\/hu\/m\/a-la-source-du-pape-francois\/#primaryimage","url":"https:\/\/www.chemin-neuf.media\/wp-content\/uploads\/2023\/01\/cover-terre-4.jpg","contentUrl":"https:\/\/www.chemin-neuf.media\/wp-content\/uploads\/2023\/01\/cover-terre-4.jpg","width":904,"height":500,"caption":"A la source du pape Fran\u00e7ois"},{"@type":"BreadcrumbList","@id":"https:\/\/www.chemin-neuf.media\/hu\/m\/a-la-source-du-pape-francois\/#breadcrumb","itemListElement":[{"@type":"ListItem","position":1,"name":"Home","item":"https:\/\/www.chemin-neuf.media\/hu\/"},{"@type":"ListItem","position":2,"name":"Meta Medias","item":"https:\/\/www.chemin-neuf.media\/hu\/m\/"},{"@type":"ListItem","position":3,"name":"A la source du pape Fran\u00e7ois"}]},{"@type":"WebSite","@id":"https:\/\/www.chemin-neuf.media\/hu\/#website","url":"https:\/\/www.chemin-neuf.media\/hu\/","name":"Chemin Neuf Media","description":"Tous les m\u00e9dias de la  Communaut\u00e9 du Chemin Neuf","potentialAction":[{"@type":"SearchAction","target":{"@type":"EntryPoint","urlTemplate":"https:\/\/www.chemin-neuf.media\/hu\/?s={search_term_string}"},"query-input":{"@type":"PropertyValueSpecification","valueRequired":true,"valueName":"search_term_string"}}],"inLanguage":"hu"}]}},"_links":{"self":[{"href":"https:\/\/www.chemin-neuf.media\/hu\/wp-json\/wp\/v2\/m\/35054","targetHints":{"allow":["GET"]}}],"collection":[{"href":"https:\/\/www.chemin-neuf.media\/hu\/wp-json\/wp\/v2\/m"}],"about":[{"href":"https:\/\/www.chemin-neuf.media\/hu\/wp-json\/wp\/v2\/types\/m"}],"version-history":[{"count":0,"href":"https:\/\/www.chemin-neuf.media\/hu\/wp-json\/wp\/v2\/m\/35054\/revisions"}],"wp:featuredmedia":[{"embeddable":true,"href":"https:\/\/www.chemin-neuf.media\/hu\/wp-json\/wp\/v2\/media\/35055"}],"wp:attachment":[{"href":"https:\/\/www.chemin-neuf.media\/hu\/wp-json\/wp\/v2\/media?parent=35054"}],"wp:term":[{"taxonomy":"media-categorie","embeddable":true,"href":"https:\/\/www.chemin-neuf.media\/hu\/wp-json\/wp\/v2\/media-categorie?post=35054"},{"taxonomy":"media-type","embeddable":true,"href":"https:\/\/www.chemin-neuf.media\/hu\/wp-json\/wp\/v2\/media-type?post=35054"},{"taxonomy":"chaine","embeddable":true,"href":"https:\/\/www.chemin-neuf.media\/hu\/wp-json\/wp\/v2\/chaine?post=35054"},{"taxonomy":"thematique","embeddable":true,"href":"https:\/\/www.chemin-neuf.media\/hu\/wp-json\/wp\/v2\/thematique?post=35054"},{"taxonomy":"media-tag","embeddable":true,"href":"https:\/\/www.chemin-neuf.media\/hu\/wp-json\/wp\/v2\/media-tag?post=35054"},{"taxonomy":"media-lang","embeddable":true,"href":"https:\/\/www.chemin-neuf.media\/hu\/wp-json\/wp\/v2\/media-lang?post=35054"}],"curies":[{"name":"wp","href":"https:\/\/api.w.org\/{rel}","templated":true}]}}