{"id":37144,"date":"2016-06-23T00:00:00","date_gmt":"2016-06-22T22:00:00","guid":{"rendered":"https:\/\/chemin-neuf.media\/m\/ubuntu-es-esmu-jo-es-piederu\/"},"modified":"2024-01-18T21:04:18","modified_gmt":"2024-01-18T20:04:18","slug":"ubuntu-es-esmu-jo-es-piederu","status":"publish","type":"m","link":"https:\/\/www.chemin-neuf.media\/en\/m\/ubuntu-es-esmu-jo-es-piederu\/","title":{"rendered":"Ubuntu &#8211; Es esmu, jo es piederu"},"content":{"rendered":"","protected":false},"excerpt":{"rendered":"<p>\u201cUbuntu\u201d: tas ir j\u0113dziens, kas n\u0101k no Dienvid\u0101frikas, bet paties\u012bb\u0101 tas ir daudz kas vair\u0101k nek\u0101 v\u0101rds: t\u0101 ir pasaule! Tas mums liek atgriezties pie cilv\u0113ka b\u016bt\u012bbas, uzsverot to, ka m\u0113s esam rad\u012bti attiec\u012bb\u0101m un kop\u012bbai, tas noz\u012bm\u0113 ar\u012b atv\u0113rt\u012bbu pret otru cilv\u0113ku, labest\u012bbu, augstsird\u012bbu, beznosac\u012bjuma m\u012blest\u012bbu. \u0160\u012b filma iepaz\u012bstina ar Nelsonu Mandelu, kur\u0161 m\u0113\u0123in\u0101ja \u012bstenot Ubuntu sav\u0101 dz\u012bv\u0113, lai p\u0113c aparta\u012bda sekm\u0113tu izl\u012bgumu starp tum\u0161\u0101dainajiem un baltajiem Dienvid\u0101frikas iedz\u012bvot\u0101jiem. <br \/>Divi galvenie run\u0101t\u0101ji film\u0101 ir kopienas \u201cChemin Neuf\u201d dibin\u0101t\u0101js un atbild\u012bgais t\u0113vs Lor\u0101ns Fabrs un monsi\u0146jors Emanu\u0113ls Lafonts, kato\u013cu b\u012bskaps no Gaj\u0101nas (Francija), kur\u0161 ir ilgu laiku dz\u012bvojis Dienvid\u0101frik\u0101 un person\u012bgi pazinis\u00a0 Nelsonu Mandelu.<\/p>\n<p>NFG_16_04_LV<\/p>\n<p>contact : netforgod@chemin-neuf.org<\/p>\n","protected":false},"featured_media":37145,"menu_order":0,"template":"","meta":{"_acf_changed":false,"footnotes":""},"media-categorie":[8012],"media-type":[54],"chaine":[3146],"thematique":[67],"media-tag":[2895,2896,4714,4719,4717,4715,4716,1512,2902,4718,2906,4720],"media-lang":[2580],"class_list":["post-37144","m","type-m","status-publish","has-post-thumbnail","hentry","media-categorie-documentaire","media-type-video","chaine-net-for-god","thematique-regard-sur-le-monde","media-tag-nelsonmandela","media-tag-ubuntu-2","media-tag-beznosacijuma-milestibu","media-tag-esmu","media-tag-mandelu","media-tag-milestibu","media-tag-nelsonu-mandelu","media-tag-netforgod","media-tag-nfg_16_04","media-tag-nfg_16_04_lv","media-tag-obama","media-tag-piederu","media-lang-lv"],"acf":[],"yoast_head":"<!-- This site is optimized with the Yoast SEO plugin v28.3 - https:\/\/yoast.com\/product\/yoast-seo-wordpress\/ -->\n<title>Ubuntu - Es esmu, jo es piederu - Chemin Neuf Media<\/title>\n<meta name=\"robots\" content=\"index, follow, max-snippet:-1, max-image-preview:large, max-video-preview:-1\" \/>\n<link rel=\"canonical\" href=\"https:\/\/www.chemin-neuf.media\/en\/m\/ubuntu-es-esmu-jo-es-piederu\/\" \/>\n<meta property=\"og:locale\" content=\"en_US\" \/>\n<meta property=\"og:type\" content=\"article\" \/>\n<meta property=\"og:title\" content=\"Ubuntu - Es esmu, jo es piederu - Chemin Neuf Media\" \/>\n<meta property=\"og:description\" content=\"\u201cUbuntu\u201d: tas ir j\u0113dziens, kas n\u0101k no Dienvid\u0101frikas, bet paties\u012bb\u0101 tas ir daudz kas vair\u0101k nek\u0101 v\u0101rds: t\u0101 ir pasaule! Tas mums liek atgriezties pie cilv\u0113ka b\u016bt\u012bbas, uzsverot to, ka m\u0113s esam rad\u012bti attiec\u012bb\u0101m un kop\u012bbai, tas noz\u012bm\u0113 ar\u012b atv\u0113rt\u012bbu pret otru cilv\u0113ku, labest\u012bbu, augstsird\u012bbu, beznosac\u012bjuma m\u012blest\u012bbu. \u0160\u012b filma iepaz\u012bstina ar Nelsonu Mandelu, kur\u0161 m\u0113\u0123in\u0101ja \u012bstenot Ubuntu sav\u0101 dz\u012bv\u0113, lai p\u0113c aparta\u012bda sekm\u0113tu izl\u012bgumu starp tum\u0161\u0101dainajiem un baltajiem Dienvid\u0101frikas iedz\u012bvot\u0101jiem. Divi galvenie run\u0101t\u0101ji film\u0101 ir kopienas \u201cChemin Neuf\u201d dibin\u0101t\u0101js un atbild\u012bgais t\u0113vs Lor\u0101ns Fabrs un monsi\u0146jors Emanu\u0113ls Lafonts, kato\u013cu b\u012bskaps no Gaj\u0101nas (Francija), kur\u0161 ir ilgu laiku dz\u012bvojis Dienvid\u0101frik\u0101 un person\u012bgi pazinis\u00a0 Nelsonu Mandelu.NFG_16_04_LVcontact : netforgod@chemin-neuf.org\" \/>\n<meta property=\"og:url\" content=\"https:\/\/www.chemin-neuf.media\/en\/m\/ubuntu-es-esmu-jo-es-piederu\/\" \/>\n<meta property=\"og:site_name\" content=\"Chemin Neuf Media\" \/>\n<meta property=\"article:publisher\" content=\"https:\/\/www.facebook.com\/Communaut%c3%a9-du-Chemin-Neuf-au-Canada-417217815001100\" \/>\n<meta property=\"article:modified_time\" content=\"2024-01-18T20:04:18+00:00\" \/>\n<meta property=\"og:image\" content=\"https:\/\/www.chemin-neuf.media\/wp-content\/uploads\/2016\/06\/mqdefault-16.jpg\" \/>\n\t<meta property=\"og:image:width\" content=\"320\" \/>\n\t<meta property=\"og:image:height\" content=\"180\" \/>\n\t<meta property=\"og:image:type\" content=\"image\/jpeg\" \/>\n<meta name=\"twitter:card\" content=\"summary_large_image\" \/>\n<script type=\"application\/ld+json\" class=\"yoast-schema-graph\">{\"@context\":\"https:\\\/\\\/schema.org\",\"@graph\":[{\"@type\":\"WebPage\",\"@id\":\"https:\\\/\\\/www.chemin-neuf.media\\\/en\\\/m\\\/ubuntu-es-esmu-jo-es-piederu\\\/\",\"url\":\"https:\\\/\\\/www.chemin-neuf.media\\\/en\\\/m\\\/ubuntu-es-esmu-jo-es-piederu\\\/\",\"name\":\"Ubuntu - Es esmu, jo es piederu - Chemin Neuf Media\",\"isPartOf\":{\"@id\":\"https:\\\/\\\/www.chemin-neuf.media\\\/en\\\/#website\"},\"primaryImageOfPage\":{\"@id\":\"https:\\\/\\\/www.chemin-neuf.media\\\/en\\\/m\\\/ubuntu-es-esmu-jo-es-piederu\\\/#primaryimage\"},\"image\":{\"@id\":\"https:\\\/\\\/www.chemin-neuf.media\\\/en\\\/m\\\/ubuntu-es-esmu-jo-es-piederu\\\/#primaryimage\"},\"thumbnailUrl\":\"https:\\\/\\\/www.chemin-neuf.media\\\/wp-content\\\/uploads\\\/2016\\\/06\\\/mqdefault-16.jpg\",\"datePublished\":\"2016-06-22T22:00:00+00:00\",\"dateModified\":\"2024-01-18T20:04:18+00:00\",\"breadcrumb\":{\"@id\":\"https:\\\/\\\/www.chemin-neuf.media\\\/en\\\/m\\\/ubuntu-es-esmu-jo-es-piederu\\\/#breadcrumb\"},\"inLanguage\":\"en-US\",\"potentialAction\":[{\"@type\":\"ReadAction\",\"target\":[\"https:\\\/\\\/www.chemin-neuf.media\\\/en\\\/m\\\/ubuntu-es-esmu-jo-es-piederu\\\/\"]}]},{\"@type\":\"ImageObject\",\"inLanguage\":\"en-US\",\"@id\":\"https:\\\/\\\/www.chemin-neuf.media\\\/en\\\/m\\\/ubuntu-es-esmu-jo-es-piederu\\\/#primaryimage\",\"url\":\"https:\\\/\\\/www.chemin-neuf.media\\\/wp-content\\\/uploads\\\/2016\\\/06\\\/mqdefault-16.jpg\",\"contentUrl\":\"https:\\\/\\\/www.chemin-neuf.media\\\/wp-content\\\/uploads\\\/2016\\\/06\\\/mqdefault-16.jpg\",\"width\":320,\"height\":180,\"caption\":\"Ubuntu - Es esmu, jo es piederu\"},{\"@type\":\"BreadcrumbList\",\"@id\":\"https:\\\/\\\/www.chemin-neuf.media\\\/en\\\/m\\\/ubuntu-es-esmu-jo-es-piederu\\\/#breadcrumb\",\"itemListElement\":[{\"@type\":\"ListItem\",\"position\":1,\"name\":\"Home\",\"item\":\"https:\\\/\\\/www.chemin-neuf.media\\\/en\\\/\"},{\"@type\":\"ListItem\",\"position\":2,\"name\":\"Meta Medias\",\"item\":\"https:\\\/\\\/www.chemin-neuf.media\\\/en\\\/m\\\/\"},{\"@type\":\"ListItem\",\"position\":3,\"name\":\"Ubuntu &#8211; Es esmu, jo es piederu\"}]},{\"@type\":\"WebSite\",\"@id\":\"https:\\\/\\\/www.chemin-neuf.media\\\/en\\\/#website\",\"url\":\"https:\\\/\\\/www.chemin-neuf.media\\\/en\\\/\",\"name\":\"Chemin Neuf Media\",\"description\":\"All medias from Chemin Neuf Community\",\"potentialAction\":[{\"@type\":\"SearchAction\",\"target\":{\"@type\":\"EntryPoint\",\"urlTemplate\":\"https:\\\/\\\/www.chemin-neuf.media\\\/en\\\/?s={search_term_string}\"},\"query-input\":{\"@type\":\"PropertyValueSpecification\",\"valueRequired\":true,\"valueName\":\"search_term_string\"}}],\"inLanguage\":\"en-US\"}]}<\/script>\n<!-- \/ Yoast SEO plugin. -->","yoast_head_json":{"title":"Ubuntu - Es esmu, jo es piederu - Chemin Neuf Media","robots":{"index":"index","follow":"follow","max-snippet":"max-snippet:-1","max-image-preview":"max-image-preview:large","max-video-preview":"max-video-preview:-1"},"canonical":"https:\/\/www.chemin-neuf.media\/en\/m\/ubuntu-es-esmu-jo-es-piederu\/","og_locale":"en_US","og_type":"article","og_title":"Ubuntu - Es esmu, jo es piederu - Chemin Neuf Media","og_description":"\u201cUbuntu\u201d: tas ir j\u0113dziens, kas n\u0101k no Dienvid\u0101frikas, bet paties\u012bb\u0101 tas ir daudz kas vair\u0101k nek\u0101 v\u0101rds: t\u0101 ir pasaule! Tas mums liek atgriezties pie cilv\u0113ka b\u016bt\u012bbas, uzsverot to, ka m\u0113s esam rad\u012bti attiec\u012bb\u0101m un kop\u012bbai, tas noz\u012bm\u0113 ar\u012b atv\u0113rt\u012bbu pret otru cilv\u0113ku, labest\u012bbu, augstsird\u012bbu, beznosac\u012bjuma m\u012blest\u012bbu. \u0160\u012b filma iepaz\u012bstina ar Nelsonu Mandelu, kur\u0161 m\u0113\u0123in\u0101ja \u012bstenot Ubuntu sav\u0101 dz\u012bv\u0113, lai p\u0113c aparta\u012bda sekm\u0113tu izl\u012bgumu starp tum\u0161\u0101dainajiem un baltajiem Dienvid\u0101frikas iedz\u012bvot\u0101jiem. Divi galvenie run\u0101t\u0101ji film\u0101 ir kopienas \u201cChemin Neuf\u201d dibin\u0101t\u0101js un atbild\u012bgais t\u0113vs Lor\u0101ns Fabrs un monsi\u0146jors Emanu\u0113ls Lafonts, kato\u013cu b\u012bskaps no Gaj\u0101nas (Francija), kur\u0161 ir ilgu laiku dz\u012bvojis Dienvid\u0101frik\u0101 un person\u012bgi pazinis\u00a0 Nelsonu Mandelu.NFG_16_04_LVcontact : netforgod@chemin-neuf.org","og_url":"https:\/\/www.chemin-neuf.media\/en\/m\/ubuntu-es-esmu-jo-es-piederu\/","og_site_name":"Chemin Neuf Media","article_publisher":"https:\/\/www.facebook.com\/Communaut%c3%a9-du-Chemin-Neuf-au-Canada-417217815001100","article_modified_time":"2024-01-18T20:04:18+00:00","og_image":[{"width":320,"height":180,"url":"https:\/\/www.chemin-neuf.media\/wp-content\/uploads\/2016\/06\/mqdefault-16.jpg","type":"image\/jpeg"}],"twitter_card":"summary_large_image","schema":{"@context":"https:\/\/schema.org","@graph":[{"@type":"WebPage","@id":"https:\/\/www.chemin-neuf.media\/en\/m\/ubuntu-es-esmu-jo-es-piederu\/","url":"https:\/\/www.chemin-neuf.media\/en\/m\/ubuntu-es-esmu-jo-es-piederu\/","name":"Ubuntu - Es esmu, jo es piederu - Chemin Neuf Media","isPartOf":{"@id":"https:\/\/www.chemin-neuf.media\/en\/#website"},"primaryImageOfPage":{"@id":"https:\/\/www.chemin-neuf.media\/en\/m\/ubuntu-es-esmu-jo-es-piederu\/#primaryimage"},"image":{"@id":"https:\/\/www.chemin-neuf.media\/en\/m\/ubuntu-es-esmu-jo-es-piederu\/#primaryimage"},"thumbnailUrl":"https:\/\/www.chemin-neuf.media\/wp-content\/uploads\/2016\/06\/mqdefault-16.jpg","datePublished":"2016-06-22T22:00:00+00:00","dateModified":"2024-01-18T20:04:18+00:00","breadcrumb":{"@id":"https:\/\/www.chemin-neuf.media\/en\/m\/ubuntu-es-esmu-jo-es-piederu\/#breadcrumb"},"inLanguage":"en-US","potentialAction":[{"@type":"ReadAction","target":["https:\/\/www.chemin-neuf.media\/en\/m\/ubuntu-es-esmu-jo-es-piederu\/"]}]},{"@type":"ImageObject","inLanguage":"en-US","@id":"https:\/\/www.chemin-neuf.media\/en\/m\/ubuntu-es-esmu-jo-es-piederu\/#primaryimage","url":"https:\/\/www.chemin-neuf.media\/wp-content\/uploads\/2016\/06\/mqdefault-16.jpg","contentUrl":"https:\/\/www.chemin-neuf.media\/wp-content\/uploads\/2016\/06\/mqdefault-16.jpg","width":320,"height":180,"caption":"Ubuntu - Es esmu, jo es piederu"},{"@type":"BreadcrumbList","@id":"https:\/\/www.chemin-neuf.media\/en\/m\/ubuntu-es-esmu-jo-es-piederu\/#breadcrumb","itemListElement":[{"@type":"ListItem","position":1,"name":"Home","item":"https:\/\/www.chemin-neuf.media\/en\/"},{"@type":"ListItem","position":2,"name":"Meta Medias","item":"https:\/\/www.chemin-neuf.media\/en\/m\/"},{"@type":"ListItem","position":3,"name":"Ubuntu &#8211; Es esmu, jo es piederu"}]},{"@type":"WebSite","@id":"https:\/\/www.chemin-neuf.media\/en\/#website","url":"https:\/\/www.chemin-neuf.media\/en\/","name":"Chemin Neuf Media","description":"All medias from Chemin Neuf Community","potentialAction":[{"@type":"SearchAction","target":{"@type":"EntryPoint","urlTemplate":"https:\/\/www.chemin-neuf.media\/en\/?s={search_term_string}"},"query-input":{"@type":"PropertyValueSpecification","valueRequired":true,"valueName":"search_term_string"}}],"inLanguage":"en-US"}]}},"_links":{"self":[{"href":"https:\/\/www.chemin-neuf.media\/en\/wp-json\/wp\/v2\/m\/37144","targetHints":{"allow":["GET"]}}],"collection":[{"href":"https:\/\/www.chemin-neuf.media\/en\/wp-json\/wp\/v2\/m"}],"about":[{"href":"https:\/\/www.chemin-neuf.media\/en\/wp-json\/wp\/v2\/types\/m"}],"version-history":[{"count":1,"href":"https:\/\/www.chemin-neuf.media\/en\/wp-json\/wp\/v2\/m\/37144\/revisions"}],"predecessor-version":[{"id":46117,"href":"https:\/\/www.chemin-neuf.media\/en\/wp-json\/wp\/v2\/m\/37144\/revisions\/46117"}],"wp:featuredmedia":[{"embeddable":true,"href":"https:\/\/www.chemin-neuf.media\/en\/wp-json\/wp\/v2\/media\/37145"}],"wp:attachment":[{"href":"https:\/\/www.chemin-neuf.media\/en\/wp-json\/wp\/v2\/media?parent=37144"}],"wp:term":[{"taxonomy":"media-categorie","embeddable":true,"href":"https:\/\/www.chemin-neuf.media\/en\/wp-json\/wp\/v2\/media-categorie?post=37144"},{"taxonomy":"media-type","embeddable":true,"href":"https:\/\/www.chemin-neuf.media\/en\/wp-json\/wp\/v2\/media-type?post=37144"},{"taxonomy":"chaine","embeddable":true,"href":"https:\/\/www.chemin-neuf.media\/en\/wp-json\/wp\/v2\/chaine?post=37144"},{"taxonomy":"thematique","embeddable":true,"href":"https:\/\/www.chemin-neuf.media\/en\/wp-json\/wp\/v2\/thematique?post=37144"},{"taxonomy":"media-tag","embeddable":true,"href":"https:\/\/www.chemin-neuf.media\/en\/wp-json\/wp\/v2\/media-tag?post=37144"},{"taxonomy":"media-lang","embeddable":true,"href":"https:\/\/www.chemin-neuf.media\/en\/wp-json\/wp\/v2\/media-lang?post=37144"}],"curies":[{"name":"wp","href":"https:\/\/api.w.org\/{rel}","templated":true}]}}