{"id":42510,"date":"2012-02-01T00:00:00","date_gmt":"2017-06-19T22:00:00","guid":{"rendered":"https:\/\/chemin-neuf.media\/fr\/m\/otec-pedro-najmensim-z-mojich-bratov\/"},"modified":"2023-11-07T18:41:14","modified_gmt":"2023-11-07T17:41:14","slug":"otec-pedro-najmensim-z-mojich-bratov","status":"publish","type":"m","link":"https:\/\/www.chemin-neuf.media\/de\/m\/otec-pedro-najmensim-z-mojich-bratov\/","title":{"rendered":"Otec Pedro \u201eNajmen\u0161\u00edm z mojich bratov"},"content":{"rendered":"","protected":false},"excerpt":{"rendered":"<p>Tento film n\u00e1s zavedie na Madagaskar, najv\u00e4\u010d\u0161\u00ed ostrov v Indickom oce\u00e1ne a stretneme sa <br \/>v \u0148om s otcom Pedrom a jeho malga\u0161sk\u00fdmi  priate\u013emi. Tento argent\u00ednsky k\u0148az p\u00f4vodom <br \/>zo Slov\u00ednska je \u010dlenom r\u00e1du lazaristov od Sv\u00e4t\u00e9ho Vincenta z Pauly a od roku 1970 <br \/>je mision\u00e1rom na Madagaskare. <br \/>Po petn\u00e1stich rokoch pre\u017eit\u00fdch v bu\u0161i v jednej z najchudobnej\u0161\u00edch os\u00e1d ostrova sa v roku 1989 tv\u00e1rou v tv\u00e1r biede, v ktorej \u017eij\u00fa rodiny z detmi, na skl\u00e1dke v Antananarive, rozhoduje <br \/>z Bo\u017eou pomocou jedna\u0165. Ide k chudobn\u00fdm a s\u013eubuje: \u201eSpolo\u010dne sa z toho dostaneme!\u201c <br \/>Bez pe\u0148az\u00ed, len z vierou v Boha a v\u010faka h\u00fa\u017eevnatej pr\u00e1ci a zdie\u013eaniu sa v spolo\u010denstve zakladaj\u00fa asoci\u00e1ciu \u201eAkamasoa\u201c, \u010do v malga\u0161tine znamen\u00e1 \u201e Dobr\u00ed priatelia.\u201c T\u00e1to asoci\u00e1cia do dne\u0161n\u00e9ho d\u0148a vlastn\u00fdmi rukami postavila 18 ded\u00edn , v ktor\u00fdch \u017eije 20 000 obyvate\u013eov: <br \/>je to skuto\u010dn\u00e9 spolo\u010denstvo, kde je ka\u017ed\u00fd re\u0161pektovan\u00fd ako osoba a u\u010d\u00ed sa by\u0165 zodpovedn\u00fd <br \/>za svoju bud\u00facnos\u0165. Ak Boh rob\u00ed  z\u00e1zraky, tak tu ur\u010dite! Tis\u00edce \u017eivotov je zachr\u00e1nen\u00fdch <br \/>a m\u00f4\u017eu sa rozv\u00edja\u0165 vo v\u0161etkej d\u00f4stojnosti!<\/p>\n<p>Ce film est r\u00e9alis\u00e9 par la Communaut\u00e9 du Chemin Neuf via le r\u00e9seau international de pri\u00e8re \u00ab Net for God \u00bb.<\/p>\n<p>Pour plus d&#8217;informations : www.netforgod.tv<br \/>Pour nous contacter : netforgod@chemin-neuf.org<br \/>Pour nous aider : <a href=\"https:\/\/www.tipeee.com\/net-for-god-fr\" target=\"_blank\" rel=\"nofollow noopener\">https:\/\/www.tipeee.com\/net-for-god-fr<\/a><\/p>\n","protected":false},"featured_media":42511,"menu_order":0,"template":"","meta":{"_acf_changed":false,"footnotes":""},"media-categorie":[8012,2051],"media-type":[54],"chaine":[3146],"thematique":[67],"media-tag":[1268,8218,3802,8219,1269],"media-lang":[2797],"class_list":["post-42510","m","type-m","status-publish","has-post-thumbnail","hentry","media-categorie-documentaire","media-categorie-temoignages-interviews","media-type-video","chaine-net-for-god","thematique-regard-sur-le-monde","media-tag-nfg_12_02","media-tag-nfg_12_02_sk","media-tag-otec","media-tag-otec-pedro-najmensim-z-mojich-bratov","media-tag-pedro","media-lang-sk"],"acf":[],"yoast_head":"<!-- This site is optimized with the Yoast SEO plugin v28.3 - https:\/\/yoast.com\/product\/yoast-seo-wordpress\/ -->\n<title>Otec Pedro \u201eNajmen\u0161\u00edm z mojich bratov - Chemin Neuf Media<\/title>\n<meta name=\"robots\" content=\"index, follow, max-snippet:-1, max-image-preview:large, max-video-preview:-1\" \/>\n<link rel=\"canonical\" href=\"https:\/\/www.chemin-neuf.media\/de\/m\/otec-pedro-najmensim-z-mojich-bratov\/\" \/>\n<meta property=\"og:locale\" content=\"de_DE\" \/>\n<meta property=\"og:type\" content=\"article\" \/>\n<meta property=\"og:title\" content=\"Otec Pedro \u201eNajmen\u0161\u00edm z mojich bratov - Chemin Neuf Media\" \/>\n<meta property=\"og:description\" content=\"Tento film n\u00e1s zavedie na Madagaskar, najv\u00e4\u010d\u0161\u00ed ostrov v Indickom oce\u00e1ne a stretneme sa v \u0148om s otcom Pedrom a jeho malga\u0161sk\u00fdmi priate\u013emi. Tento argent\u00ednsky k\u0148az p\u00f4vodom zo Slov\u00ednska je \u010dlenom r\u00e1du lazaristov od Sv\u00e4t\u00e9ho Vincenta z Pauly a od roku 1970 je mision\u00e1rom na Madagaskare. Po petn\u00e1stich rokoch pre\u017eit\u00fdch v bu\u0161i v jednej z najchudobnej\u0161\u00edch os\u00e1d ostrova sa v roku 1989 tv\u00e1rou v tv\u00e1r biede, v ktorej \u017eij\u00fa rodiny z detmi, na skl\u00e1dke v Antananarive, rozhoduje z Bo\u017eou pomocou jedna\u0165. Ide k chudobn\u00fdm a s\u013eubuje: \u201eSpolo\u010dne sa z toho dostaneme!\u201c Bez pe\u0148az\u00ed, len z vierou v Boha a v\u010faka h\u00fa\u017eevnatej pr\u00e1ci a zdie\u013eaniu sa v spolo\u010denstve zakladaj\u00fa asoci\u00e1ciu \u201eAkamasoa\u201c, \u010do v malga\u0161tine znamen\u00e1 \u201e Dobr\u00ed priatelia.\u201c T\u00e1to asoci\u00e1cia do dne\u0161n\u00e9ho d\u0148a vlastn\u00fdmi rukami postavila 18 ded\u00edn , v ktor\u00fdch \u017eije 20 000 obyvate\u013eov: je to skuto\u010dn\u00e9 spolo\u010denstvo, kde je ka\u017ed\u00fd re\u0161pektovan\u00fd ako osoba a u\u010d\u00ed sa by\u0165 zodpovedn\u00fd za svoju bud\u00facnos\u0165. Ak Boh rob\u00ed z\u00e1zraky, tak tu ur\u010dite! Tis\u00edce \u017eivotov je zachr\u00e1nen\u00fdch a m\u00f4\u017eu sa rozv\u00edja\u0165 vo v\u0161etkej d\u00f4stojnosti!Ce film est r\u00e9alis\u00e9 par la Communaut\u00e9 du Chemin Neuf via le r\u00e9seau international de pri\u00e8re \u00ab Net for God \u00bb.Pour plus d&#039;informations : www.netforgod.tvPour nous contacter : netforgod@chemin-neuf.orgPour nous aider : https:\/\/www.tipeee.com\/net-for-god-fr\" \/>\n<meta property=\"og:url\" content=\"https:\/\/www.chemin-neuf.media\/de\/m\/otec-pedro-najmensim-z-mojich-bratov\/\" \/>\n<meta property=\"og:site_name\" content=\"Chemin Neuf Media\" \/>\n<meta property=\"article:publisher\" content=\"https:\/\/www.facebook.com\/Communaut%c3%a9-du-Chemin-Neuf-au-Canada-417217815001100\" \/>\n<meta property=\"article:modified_time\" content=\"2023-11-07T17:41:14+00:00\" \/>\n<meta property=\"og:image\" content=\"https:\/\/www.chemin-neuf.media\/wp-content\/uploads\/2017\/06\/mqdefault-407.jpg\" \/>\n\t<meta property=\"og:image:width\" content=\"320\" \/>\n\t<meta property=\"og:image:height\" content=\"180\" \/>\n\t<meta property=\"og:image:type\" content=\"image\/jpeg\" \/>\n<meta name=\"twitter:card\" content=\"summary_large_image\" \/>\n<script type=\"application\/ld+json\" class=\"yoast-schema-graph\">{\"@context\":\"https:\\\/\\\/schema.org\",\"@graph\":[{\"@type\":\"WebPage\",\"@id\":\"https:\\\/\\\/www.chemin-neuf.media\\\/de\\\/m\\\/otec-pedro-najmensim-z-mojich-bratov\\\/\",\"url\":\"https:\\\/\\\/www.chemin-neuf.media\\\/de\\\/m\\\/otec-pedro-najmensim-z-mojich-bratov\\\/\",\"name\":\"Otec Pedro \u201eNajmen\u0161\u00edm z mojich bratov - Chemin Neuf Media\",\"isPartOf\":{\"@id\":\"https:\\\/\\\/www.chemin-neuf.media\\\/de\\\/#website\"},\"primaryImageOfPage\":{\"@id\":\"https:\\\/\\\/www.chemin-neuf.media\\\/de\\\/m\\\/otec-pedro-najmensim-z-mojich-bratov\\\/#primaryimage\"},\"image\":{\"@id\":\"https:\\\/\\\/www.chemin-neuf.media\\\/de\\\/m\\\/otec-pedro-najmensim-z-mojich-bratov\\\/#primaryimage\"},\"thumbnailUrl\":\"https:\\\/\\\/www.chemin-neuf.media\\\/wp-content\\\/uploads\\\/2017\\\/06\\\/mqdefault-407.jpg\",\"datePublished\":\"2017-06-19T22:00:00+00:00\",\"dateModified\":\"2023-11-07T17:41:14+00:00\",\"breadcrumb\":{\"@id\":\"https:\\\/\\\/www.chemin-neuf.media\\\/de\\\/m\\\/otec-pedro-najmensim-z-mojich-bratov\\\/#breadcrumb\"},\"inLanguage\":\"de\",\"potentialAction\":[{\"@type\":\"ReadAction\",\"target\":[\"https:\\\/\\\/www.chemin-neuf.media\\\/de\\\/m\\\/otec-pedro-najmensim-z-mojich-bratov\\\/\"]}]},{\"@type\":\"ImageObject\",\"inLanguage\":\"de\",\"@id\":\"https:\\\/\\\/www.chemin-neuf.media\\\/de\\\/m\\\/otec-pedro-najmensim-z-mojich-bratov\\\/#primaryimage\",\"url\":\"https:\\\/\\\/www.chemin-neuf.media\\\/wp-content\\\/uploads\\\/2017\\\/06\\\/mqdefault-407.jpg\",\"contentUrl\":\"https:\\\/\\\/www.chemin-neuf.media\\\/wp-content\\\/uploads\\\/2017\\\/06\\\/mqdefault-407.jpg\",\"width\":320,\"height\":180,\"caption\":\"Otec Pedro \u201eNajmen\u0161\u00edm z mojich bratov\"},{\"@type\":\"BreadcrumbList\",\"@id\":\"https:\\\/\\\/www.chemin-neuf.media\\\/de\\\/m\\\/otec-pedro-najmensim-z-mojich-bratov\\\/#breadcrumb\",\"itemListElement\":[{\"@type\":\"ListItem\",\"position\":1,\"name\":\"Home\",\"item\":\"https:\\\/\\\/www.chemin-neuf.media\\\/de\\\/\"},{\"@type\":\"ListItem\",\"position\":2,\"name\":\"Meta Medias\",\"item\":\"https:\\\/\\\/www.chemin-neuf.media\\\/de\\\/m\\\/\"},{\"@type\":\"ListItem\",\"position\":3,\"name\":\"Otec Pedro \u201eNajmen\u0161\u00edm z mojich bratov\"}]},{\"@type\":\"WebSite\",\"@id\":\"https:\\\/\\\/www.chemin-neuf.media\\\/de\\\/#website\",\"url\":\"https:\\\/\\\/www.chemin-neuf.media\\\/de\\\/\",\"name\":\"Chemin Neuf Media\",\"description\":\"Tous les m\u00e9dias de la  Communaut\u00e9 du Chemin Neuf\",\"potentialAction\":[{\"@type\":\"SearchAction\",\"target\":{\"@type\":\"EntryPoint\",\"urlTemplate\":\"https:\\\/\\\/www.chemin-neuf.media\\\/de\\\/?s={search_term_string}\"},\"query-input\":{\"@type\":\"PropertyValueSpecification\",\"valueRequired\":true,\"valueName\":\"search_term_string\"}}],\"inLanguage\":\"de\"}]}<\/script>\n<!-- \/ Yoast SEO plugin. -->","yoast_head_json":{"title":"Otec Pedro \u201eNajmen\u0161\u00edm z mojich bratov - Chemin Neuf Media","robots":{"index":"index","follow":"follow","max-snippet":"max-snippet:-1","max-image-preview":"max-image-preview:large","max-video-preview":"max-video-preview:-1"},"canonical":"https:\/\/www.chemin-neuf.media\/de\/m\/otec-pedro-najmensim-z-mojich-bratov\/","og_locale":"de_DE","og_type":"article","og_title":"Otec Pedro \u201eNajmen\u0161\u00edm z mojich bratov - Chemin Neuf Media","og_description":"Tento film n\u00e1s zavedie na Madagaskar, najv\u00e4\u010d\u0161\u00ed ostrov v Indickom oce\u00e1ne a stretneme sa v \u0148om s otcom Pedrom a jeho malga\u0161sk\u00fdmi priate\u013emi. Tento argent\u00ednsky k\u0148az p\u00f4vodom zo Slov\u00ednska je \u010dlenom r\u00e1du lazaristov od Sv\u00e4t\u00e9ho Vincenta z Pauly a od roku 1970 je mision\u00e1rom na Madagaskare. Po petn\u00e1stich rokoch pre\u017eit\u00fdch v bu\u0161i v jednej z najchudobnej\u0161\u00edch os\u00e1d ostrova sa v roku 1989 tv\u00e1rou v tv\u00e1r biede, v ktorej \u017eij\u00fa rodiny z detmi, na skl\u00e1dke v Antananarive, rozhoduje z Bo\u017eou pomocou jedna\u0165. Ide k chudobn\u00fdm a s\u013eubuje: \u201eSpolo\u010dne sa z toho dostaneme!\u201c Bez pe\u0148az\u00ed, len z vierou v Boha a v\u010faka h\u00fa\u017eevnatej pr\u00e1ci a zdie\u013eaniu sa v spolo\u010denstve zakladaj\u00fa asoci\u00e1ciu \u201eAkamasoa\u201c, \u010do v malga\u0161tine znamen\u00e1 \u201e Dobr\u00ed priatelia.\u201c T\u00e1to asoci\u00e1cia do dne\u0161n\u00e9ho d\u0148a vlastn\u00fdmi rukami postavila 18 ded\u00edn , v ktor\u00fdch \u017eije 20 000 obyvate\u013eov: je to skuto\u010dn\u00e9 spolo\u010denstvo, kde je ka\u017ed\u00fd re\u0161pektovan\u00fd ako osoba a u\u010d\u00ed sa by\u0165 zodpovedn\u00fd za svoju bud\u00facnos\u0165. Ak Boh rob\u00ed z\u00e1zraky, tak tu ur\u010dite! Tis\u00edce \u017eivotov je zachr\u00e1nen\u00fdch a m\u00f4\u017eu sa rozv\u00edja\u0165 vo v\u0161etkej d\u00f4stojnosti!Ce film est r\u00e9alis\u00e9 par la Communaut\u00e9 du Chemin Neuf via le r\u00e9seau international de pri\u00e8re \u00ab Net for God \u00bb.Pour plus d'informations : www.netforgod.tvPour nous contacter : netforgod@chemin-neuf.orgPour nous aider : https:\/\/www.tipeee.com\/net-for-god-fr","og_url":"https:\/\/www.chemin-neuf.media\/de\/m\/otec-pedro-najmensim-z-mojich-bratov\/","og_site_name":"Chemin Neuf Media","article_publisher":"https:\/\/www.facebook.com\/Communaut%c3%a9-du-Chemin-Neuf-au-Canada-417217815001100","article_modified_time":"2023-11-07T17:41:14+00:00","og_image":[{"width":320,"height":180,"url":"https:\/\/www.chemin-neuf.media\/wp-content\/uploads\/2017\/06\/mqdefault-407.jpg","type":"image\/jpeg"}],"twitter_card":"summary_large_image","schema":{"@context":"https:\/\/schema.org","@graph":[{"@type":"WebPage","@id":"https:\/\/www.chemin-neuf.media\/de\/m\/otec-pedro-najmensim-z-mojich-bratov\/","url":"https:\/\/www.chemin-neuf.media\/de\/m\/otec-pedro-najmensim-z-mojich-bratov\/","name":"Otec Pedro \u201eNajmen\u0161\u00edm z mojich bratov - Chemin Neuf Media","isPartOf":{"@id":"https:\/\/www.chemin-neuf.media\/de\/#website"},"primaryImageOfPage":{"@id":"https:\/\/www.chemin-neuf.media\/de\/m\/otec-pedro-najmensim-z-mojich-bratov\/#primaryimage"},"image":{"@id":"https:\/\/www.chemin-neuf.media\/de\/m\/otec-pedro-najmensim-z-mojich-bratov\/#primaryimage"},"thumbnailUrl":"https:\/\/www.chemin-neuf.media\/wp-content\/uploads\/2017\/06\/mqdefault-407.jpg","datePublished":"2017-06-19T22:00:00+00:00","dateModified":"2023-11-07T17:41:14+00:00","breadcrumb":{"@id":"https:\/\/www.chemin-neuf.media\/de\/m\/otec-pedro-najmensim-z-mojich-bratov\/#breadcrumb"},"inLanguage":"de","potentialAction":[{"@type":"ReadAction","target":["https:\/\/www.chemin-neuf.media\/de\/m\/otec-pedro-najmensim-z-mojich-bratov\/"]}]},{"@type":"ImageObject","inLanguage":"de","@id":"https:\/\/www.chemin-neuf.media\/de\/m\/otec-pedro-najmensim-z-mojich-bratov\/#primaryimage","url":"https:\/\/www.chemin-neuf.media\/wp-content\/uploads\/2017\/06\/mqdefault-407.jpg","contentUrl":"https:\/\/www.chemin-neuf.media\/wp-content\/uploads\/2017\/06\/mqdefault-407.jpg","width":320,"height":180,"caption":"Otec Pedro \u201eNajmen\u0161\u00edm z mojich bratov"},{"@type":"BreadcrumbList","@id":"https:\/\/www.chemin-neuf.media\/de\/m\/otec-pedro-najmensim-z-mojich-bratov\/#breadcrumb","itemListElement":[{"@type":"ListItem","position":1,"name":"Home","item":"https:\/\/www.chemin-neuf.media\/de\/"},{"@type":"ListItem","position":2,"name":"Meta Medias","item":"https:\/\/www.chemin-neuf.media\/de\/m\/"},{"@type":"ListItem","position":3,"name":"Otec Pedro \u201eNajmen\u0161\u00edm z mojich bratov"}]},{"@type":"WebSite","@id":"https:\/\/www.chemin-neuf.media\/de\/#website","url":"https:\/\/www.chemin-neuf.media\/de\/","name":"Chemin Neuf Media","description":"Tous les m\u00e9dias de la  Communaut\u00e9 du Chemin Neuf","potentialAction":[{"@type":"SearchAction","target":{"@type":"EntryPoint","urlTemplate":"https:\/\/www.chemin-neuf.media\/de\/?s={search_term_string}"},"query-input":{"@type":"PropertyValueSpecification","valueRequired":true,"valueName":"search_term_string"}}],"inLanguage":"de"}]}},"_links":{"self":[{"href":"https:\/\/www.chemin-neuf.media\/de\/wp-json\/wp\/v2\/m\/42510","targetHints":{"allow":["GET"]}}],"collection":[{"href":"https:\/\/www.chemin-neuf.media\/de\/wp-json\/wp\/v2\/m"}],"about":[{"href":"https:\/\/www.chemin-neuf.media\/de\/wp-json\/wp\/v2\/types\/m"}],"version-history":[{"count":1,"href":"https:\/\/www.chemin-neuf.media\/de\/wp-json\/wp\/v2\/m\/42510\/revisions"}],"predecessor-version":[{"id":42530,"href":"https:\/\/www.chemin-neuf.media\/de\/wp-json\/wp\/v2\/m\/42510\/revisions\/42530"}],"wp:featuredmedia":[{"embeddable":true,"href":"https:\/\/www.chemin-neuf.media\/de\/wp-json\/wp\/v2\/media\/42511"}],"wp:attachment":[{"href":"https:\/\/www.chemin-neuf.media\/de\/wp-json\/wp\/v2\/media?parent=42510"}],"wp:term":[{"taxonomy":"media-categorie","embeddable":true,"href":"https:\/\/www.chemin-neuf.media\/de\/wp-json\/wp\/v2\/media-categorie?post=42510"},{"taxonomy":"media-type","embeddable":true,"href":"https:\/\/www.chemin-neuf.media\/de\/wp-json\/wp\/v2\/media-type?post=42510"},{"taxonomy":"chaine","embeddable":true,"href":"https:\/\/www.chemin-neuf.media\/de\/wp-json\/wp\/v2\/chaine?post=42510"},{"taxonomy":"thematique","embeddable":true,"href":"https:\/\/www.chemin-neuf.media\/de\/wp-json\/wp\/v2\/thematique?post=42510"},{"taxonomy":"media-tag","embeddable":true,"href":"https:\/\/www.chemin-neuf.media\/de\/wp-json\/wp\/v2\/media-tag?post=42510"},{"taxonomy":"media-lang","embeddable":true,"href":"https:\/\/www.chemin-neuf.media\/de\/wp-json\/wp\/v2\/media-lang?post=42510"}],"curies":[{"name":"wp","href":"https:\/\/api.w.org\/{rel}","templated":true}]}}