{"id":40678,"date":"2021-10-01T00:00:00","date_gmt":"2022-02-03T23:00:00","guid":{"rendered":"https:\/\/chemin-neuf.media\/m\/ideje-a-valtozasnak\/"},"modified":"2023-10-20T16:01:52","modified_gmt":"2023-10-20T14:01:52","slug":"ideje-a-valtozasnak","status":"publish","type":"m","link":"https:\/\/www.chemin-neuf.media\/de\/m\/ideje-a-valtozasnak\/","title":{"rendered":"Ideje a V\u00e1ltoz\u00e1snak"},"content":{"rendered":"","protected":false},"excerpt":{"rendered":"<p>A kr\u00edzisid\u0151szakok, mint a Covid-19-\u00e9, felforgatj\u00e1k az \u00e9let\u00fcnket \u00e9s megk\u00e9rd\u0151jelezik a d\u00f6nt\u00e9seinket \u00e9s elk\u00f6telez\u0151d\u00e9seinket.<\/p>\n<p>\u201eEz alkalom arra, hogy nagyot \u00e1lmodjunk, \u00fajragondoljuk a priorit\u00e1sainkat (\u2026) \u00e9s d\u00f6nts\u00fcnk a mindennapi \u00e9let\u00fcnkben val\u00f3 cselekv\u00e9s mellett, azzal kapcsolatban, amir\u0151l \u00e1lmodtunk\u201d \u2013 \u00edrja Ferenc p\u00e1pa az Ideje a v\u00e1ltoz\u00e1snak c\u00edm\u0171 k\u00f6nyvben.<\/p>\n<p>Ez a k\u00f6nyv inspir\u00e1lta a Changemakers Fesztiv\u00e1l pedag\u00f3gi\u00e1j\u00e1t, amely rendezv\u00e9nyen mintegy sz\u00e1z fiatal gy\u0171lt \u00f6ssze Budapesten, 2021 j\u00falius v\u00e9g\u00e9n, akik arra v\u00e1gynak, hogy a v\u00e1ltoz\u00e1s cselekv\u0151 r\u00e9szesei legyenek, hit\u00fck nev\u00e9ben.<\/p>\n<p>A fesztiv\u00e1lt egy r\u00f3mai tal\u00e1lkoz\u00f3 k\u00e9sz\u00edtette el\u0151 Ferenc p\u00e1pa \u00e9s a Chemin Neuf Politikai Testv\u00e9ris\u00e9g t\u00f6bb fiatalja k\u00f6z\u00f6tt, valamint az az egys\u00e9gr\u0151l \u00e9s kiengesztel\u0151d\u00e9sr\u0151l sz\u00f3l\u00f3 tan\u00fas\u00e1gt\u00e9tel hat\u00e1rozta meg, amelyet a \u201eTestv\u00e9ris\u00e9g negyven fiatal m\u00e1rt\u00edrja\u201d adott But\u00e1ban, Burundiban.<\/p>\n<p>Ezekkel a k\u00fcl\u00f6nb\u00f6z\u0151 orsz\u00e1gokb\u00f3l \u00e9s felekezetekb\u0151l \u00e9rkez\u0151 fiatalokkal egy\u00fctt a Szentl\u00e9lekre figyel\u00fcnk, hogy meg\u00e9rts\u00fck, hogy az Evang\u00e9lium hogyan dolgozik a vil\u00e1gban \u00e9s h\u00edv benn\u00fcnket arra, hogy elk\u00f6telez\u0151dj\u00fcnk benne.<\/p>\n<p>Ezt a filmet a Chemin Neuf K\u00f6z\u00f6ss\u00e9g k\u00e9sz\u00edtette a &#8222;Net for God&#8220; nemzetk\u00f6zi imah\u00e1l\u00f3zaton kereszt\u00fcl.<br \/><a href=\"https:\/\/www.laboutique-chemin-neuf.com\/fr\/accueil\/films-net-for-god\" target=\"_blank\" rel=\"nofollow noopener\">https:\/\/www.laboutique-chemin-neuf.com\/fr\/accueil\/films-net-for-god<\/a><\/p>\n<p>Tov\u00e1bbi inform\u00e1ci\u00f3: <a href=\"https:\/\/www.netforgod.tv\" target=\"_blank\" rel=\"nofollow noopener\">https:\/\/www.netforgod.tv<\/a><br \/>Facebook: @INTERNATIONAL.\u00d6KUMENICAL.FRATERNITY<br \/>Instagram: @net_for_god<br \/>Twitter: @NetforGod <br \/>Kapcsolatfelv\u00e9tel: netforgod@chemin-neuf.org<br \/>Seg\u00edteni nek\u00fcnk: <a href=\"https:\/\/payments.chemin-neuf.org\" target=\"_blank\" rel=\"nofollow noopener\">https:\/\/payments.chemin-neuf.org<\/a><\/p>\n","protected":false},"featured_media":40679,"menu_order":0,"template":"","meta":{"_acf_changed":false,"footnotes":""},"media-categorie":[8012],"media-type":[54],"chaine":[3146],"thematique":[2022],"media-tag":[220,122,1231,196,81,83,80,82,1233,951],"media-lang":[2420],"class_list":["post-40678","m","type-m","status-publish","has-post-thumbnail","hentry","media-categorie-documentaire","media-type-video","chaine-net-for-god","thematique-vie-de-l-eglise","media-tag-budapest","media-tag-burundi","media-tag-buta","media-tag-changemakers","media-tag-chemin-neuf","media-tag-formation","media-tag-net-for-god","media-tag-oecumenisme","media-tag-politics-fraternity","media-tag-rome","media-lang-hu"],"acf":[],"yoast_head":"<!-- This site is optimized with the Yoast SEO plugin v28.3 - https:\/\/yoast.com\/product\/yoast-seo-wordpress\/ -->\n<title>Ideje a V\u00e1ltoz\u00e1snak - Chemin Neuf Media<\/title>\n<meta name=\"robots\" content=\"index, follow, max-snippet:-1, max-image-preview:large, max-video-preview:-1\" \/>\n<link rel=\"canonical\" href=\"https:\/\/www.chemin-neuf.media\/de\/m\/ideje-a-valtozasnak\/\" \/>\n<meta property=\"og:locale\" content=\"de_DE\" \/>\n<meta property=\"og:type\" content=\"article\" \/>\n<meta property=\"og:title\" content=\"Ideje a V\u00e1ltoz\u00e1snak - Chemin Neuf Media\" \/>\n<meta property=\"og:description\" content=\"A kr\u00edzisid\u0151szakok, mint a Covid-19-\u00e9, felforgatj\u00e1k az \u00e9let\u00fcnket \u00e9s megk\u00e9rd\u0151jelezik a d\u00f6nt\u00e9seinket \u00e9s elk\u00f6telez\u0151d\u00e9seinket.\u201eEz alkalom arra, hogy nagyot \u00e1lmodjunk, \u00fajragondoljuk a priorit\u00e1sainkat (\u2026) \u00e9s d\u00f6nts\u00fcnk a mindennapi \u00e9let\u00fcnkben val\u00f3 cselekv\u00e9s mellett, azzal kapcsolatban, amir\u0151l \u00e1lmodtunk\u201d \u2013 \u00edrja Ferenc p\u00e1pa az Ideje a v\u00e1ltoz\u00e1snak c\u00edm\u0171 k\u00f6nyvben.Ez a k\u00f6nyv inspir\u00e1lta a Changemakers Fesztiv\u00e1l pedag\u00f3gi\u00e1j\u00e1t, amely rendezv\u00e9nyen mintegy sz\u00e1z fiatal gy\u0171lt \u00f6ssze Budapesten, 2021 j\u00falius v\u00e9g\u00e9n, akik arra v\u00e1gynak, hogy a v\u00e1ltoz\u00e1s cselekv\u0151 r\u00e9szesei legyenek, hit\u00fck nev\u00e9ben.A fesztiv\u00e1lt egy r\u00f3mai tal\u00e1lkoz\u00f3 k\u00e9sz\u00edtette el\u0151 Ferenc p\u00e1pa \u00e9s a Chemin Neuf Politikai Testv\u00e9ris\u00e9g t\u00f6bb fiatalja k\u00f6z\u00f6tt, valamint az az egys\u00e9gr\u0151l \u00e9s kiengesztel\u0151d\u00e9sr\u0151l sz\u00f3l\u00f3 tan\u00fas\u00e1gt\u00e9tel hat\u00e1rozta meg, amelyet a \u201eTestv\u00e9ris\u00e9g negyven fiatal m\u00e1rt\u00edrja\u201d adott But\u00e1ban, Burundiban.Ezekkel a k\u00fcl\u00f6nb\u00f6z\u0151 orsz\u00e1gokb\u00f3l \u00e9s felekezetekb\u0151l \u00e9rkez\u0151 fiatalokkal egy\u00fctt a Szentl\u00e9lekre figyel\u00fcnk, hogy meg\u00e9rts\u00fck, hogy az Evang\u00e9lium hogyan dolgozik a vil\u00e1gban \u00e9s h\u00edv benn\u00fcnket arra, hogy elk\u00f6telez\u0151dj\u00fcnk benne.Ezt a filmet a Chemin Neuf K\u00f6z\u00f6ss\u00e9g k\u00e9sz\u00edtette a &quot;Net for God&quot; nemzetk\u00f6zi imah\u00e1l\u00f3zaton kereszt\u00fcl.https:\/\/www.laboutique-chemin-neuf.com\/fr\/accueil\/films-net-for-godTov\u00e1bbi inform\u00e1ci\u00f3: https:\/\/www.netforgod.tvFacebook: @INTERNATIONAL.\u00d6KUMENICAL.FRATERNITYInstagram: @net_for_godTwitter: @NetforGod Kapcsolatfelv\u00e9tel: netforgod@chemin-neuf.orgSeg\u00edteni nek\u00fcnk: https:\/\/payments.chemin-neuf.org\" \/>\n<meta property=\"og:url\" content=\"https:\/\/www.chemin-neuf.media\/de\/m\/ideje-a-valtozasnak\/\" \/>\n<meta property=\"og:site_name\" content=\"Chemin Neuf Media\" \/>\n<meta property=\"article:publisher\" content=\"https:\/\/www.facebook.com\/Communaut%c3%a9-du-Chemin-Neuf-au-Canada-417217815001100\" \/>\n<meta property=\"article:modified_time\" content=\"2023-10-20T14:01:52+00:00\" \/>\n<meta property=\"og:image\" content=\"https:\/\/www.chemin-neuf.media\/wp-content\/uploads\/2022\/02\/mqdefault-14.jpg\" \/>\n\t<meta property=\"og:image:width\" content=\"320\" \/>\n\t<meta property=\"og:image:height\" content=\"180\" \/>\n\t<meta property=\"og:image:type\" content=\"image\/jpeg\" \/>\n<meta name=\"twitter:card\" content=\"summary_large_image\" \/>\n<script type=\"application\/ld+json\" class=\"yoast-schema-graph\">{\"@context\":\"https:\\\/\\\/schema.org\",\"@graph\":[{\"@type\":\"WebPage\",\"@id\":\"https:\\\/\\\/www.chemin-neuf.media\\\/de\\\/m\\\/ideje-a-valtozasnak\\\/\",\"url\":\"https:\\\/\\\/www.chemin-neuf.media\\\/de\\\/m\\\/ideje-a-valtozasnak\\\/\",\"name\":\"Ideje a V\u00e1ltoz\u00e1snak - Chemin Neuf Media\",\"isPartOf\":{\"@id\":\"https:\\\/\\\/www.chemin-neuf.media\\\/de\\\/#website\"},\"primaryImageOfPage\":{\"@id\":\"https:\\\/\\\/www.chemin-neuf.media\\\/de\\\/m\\\/ideje-a-valtozasnak\\\/#primaryimage\"},\"image\":{\"@id\":\"https:\\\/\\\/www.chemin-neuf.media\\\/de\\\/m\\\/ideje-a-valtozasnak\\\/#primaryimage\"},\"thumbnailUrl\":\"https:\\\/\\\/www.chemin-neuf.media\\\/wp-content\\\/uploads\\\/2022\\\/02\\\/mqdefault-14.jpg\",\"datePublished\":\"2022-02-03T23:00:00+00:00\",\"dateModified\":\"2023-10-20T14:01:52+00:00\",\"breadcrumb\":{\"@id\":\"https:\\\/\\\/www.chemin-neuf.media\\\/de\\\/m\\\/ideje-a-valtozasnak\\\/#breadcrumb\"},\"inLanguage\":\"de\",\"potentialAction\":[{\"@type\":\"ReadAction\",\"target\":[\"https:\\\/\\\/www.chemin-neuf.media\\\/de\\\/m\\\/ideje-a-valtozasnak\\\/\"]}]},{\"@type\":\"ImageObject\",\"inLanguage\":\"de\",\"@id\":\"https:\\\/\\\/www.chemin-neuf.media\\\/de\\\/m\\\/ideje-a-valtozasnak\\\/#primaryimage\",\"url\":\"https:\\\/\\\/www.chemin-neuf.media\\\/wp-content\\\/uploads\\\/2022\\\/02\\\/mqdefault-14.jpg\",\"contentUrl\":\"https:\\\/\\\/www.chemin-neuf.media\\\/wp-content\\\/uploads\\\/2022\\\/02\\\/mqdefault-14.jpg\",\"width\":320,\"height\":180,\"caption\":\"Ideje a V\u00e1ltoz\u00e1snak\"},{\"@type\":\"BreadcrumbList\",\"@id\":\"https:\\\/\\\/www.chemin-neuf.media\\\/de\\\/m\\\/ideje-a-valtozasnak\\\/#breadcrumb\",\"itemListElement\":[{\"@type\":\"ListItem\",\"position\":1,\"name\":\"Home\",\"item\":\"https:\\\/\\\/www.chemin-neuf.media\\\/de\\\/\"},{\"@type\":\"ListItem\",\"position\":2,\"name\":\"Meta Medias\",\"item\":\"https:\\\/\\\/www.chemin-neuf.media\\\/de\\\/m\\\/\"},{\"@type\":\"ListItem\",\"position\":3,\"name\":\"Ideje a V\u00e1ltoz\u00e1snak\"}]},{\"@type\":\"WebSite\",\"@id\":\"https:\\\/\\\/www.chemin-neuf.media\\\/de\\\/#website\",\"url\":\"https:\\\/\\\/www.chemin-neuf.media\\\/de\\\/\",\"name\":\"Chemin Neuf Media\",\"description\":\"Tous les m\u00e9dias de la  Communaut\u00e9 du Chemin Neuf\",\"potentialAction\":[{\"@type\":\"SearchAction\",\"target\":{\"@type\":\"EntryPoint\",\"urlTemplate\":\"https:\\\/\\\/www.chemin-neuf.media\\\/de\\\/?s={search_term_string}\"},\"query-input\":{\"@type\":\"PropertyValueSpecification\",\"valueRequired\":true,\"valueName\":\"search_term_string\"}}],\"inLanguage\":\"de\"}]}<\/script>\n<!-- \/ Yoast SEO plugin. -->","yoast_head_json":{"title":"Ideje a V\u00e1ltoz\u00e1snak - Chemin Neuf Media","robots":{"index":"index","follow":"follow","max-snippet":"max-snippet:-1","max-image-preview":"max-image-preview:large","max-video-preview":"max-video-preview:-1"},"canonical":"https:\/\/www.chemin-neuf.media\/de\/m\/ideje-a-valtozasnak\/","og_locale":"de_DE","og_type":"article","og_title":"Ideje a V\u00e1ltoz\u00e1snak - Chemin Neuf Media","og_description":"A kr\u00edzisid\u0151szakok, mint a Covid-19-\u00e9, felforgatj\u00e1k az \u00e9let\u00fcnket \u00e9s megk\u00e9rd\u0151jelezik a d\u00f6nt\u00e9seinket \u00e9s elk\u00f6telez\u0151d\u00e9seinket.\u201eEz alkalom arra, hogy nagyot \u00e1lmodjunk, \u00fajragondoljuk a priorit\u00e1sainkat (\u2026) \u00e9s d\u00f6nts\u00fcnk a mindennapi \u00e9let\u00fcnkben val\u00f3 cselekv\u00e9s mellett, azzal kapcsolatban, amir\u0151l \u00e1lmodtunk\u201d \u2013 \u00edrja Ferenc p\u00e1pa az Ideje a v\u00e1ltoz\u00e1snak c\u00edm\u0171 k\u00f6nyvben.Ez a k\u00f6nyv inspir\u00e1lta a Changemakers Fesztiv\u00e1l pedag\u00f3gi\u00e1j\u00e1t, amely rendezv\u00e9nyen mintegy sz\u00e1z fiatal gy\u0171lt \u00f6ssze Budapesten, 2021 j\u00falius v\u00e9g\u00e9n, akik arra v\u00e1gynak, hogy a v\u00e1ltoz\u00e1s cselekv\u0151 r\u00e9szesei legyenek, hit\u00fck nev\u00e9ben.A fesztiv\u00e1lt egy r\u00f3mai tal\u00e1lkoz\u00f3 k\u00e9sz\u00edtette el\u0151 Ferenc p\u00e1pa \u00e9s a Chemin Neuf Politikai Testv\u00e9ris\u00e9g t\u00f6bb fiatalja k\u00f6z\u00f6tt, valamint az az egys\u00e9gr\u0151l \u00e9s kiengesztel\u0151d\u00e9sr\u0151l sz\u00f3l\u00f3 tan\u00fas\u00e1gt\u00e9tel hat\u00e1rozta meg, amelyet a \u201eTestv\u00e9ris\u00e9g negyven fiatal m\u00e1rt\u00edrja\u201d adott But\u00e1ban, Burundiban.Ezekkel a k\u00fcl\u00f6nb\u00f6z\u0151 orsz\u00e1gokb\u00f3l \u00e9s felekezetekb\u0151l \u00e9rkez\u0151 fiatalokkal egy\u00fctt a Szentl\u00e9lekre figyel\u00fcnk, hogy meg\u00e9rts\u00fck, hogy az Evang\u00e9lium hogyan dolgozik a vil\u00e1gban \u00e9s h\u00edv benn\u00fcnket arra, hogy elk\u00f6telez\u0151dj\u00fcnk benne.Ezt a filmet a Chemin Neuf K\u00f6z\u00f6ss\u00e9g k\u00e9sz\u00edtette a \"Net for God\" nemzetk\u00f6zi imah\u00e1l\u00f3zaton kereszt\u00fcl.https:\/\/www.laboutique-chemin-neuf.com\/fr\/accueil\/films-net-for-godTov\u00e1bbi inform\u00e1ci\u00f3: https:\/\/www.netforgod.tvFacebook: @INTERNATIONAL.\u00d6KUMENICAL.FRATERNITYInstagram: @net_for_godTwitter: @NetforGod Kapcsolatfelv\u00e9tel: netforgod@chemin-neuf.orgSeg\u00edteni nek\u00fcnk: https:\/\/payments.chemin-neuf.org","og_url":"https:\/\/www.chemin-neuf.media\/de\/m\/ideje-a-valtozasnak\/","og_site_name":"Chemin Neuf Media","article_publisher":"https:\/\/www.facebook.com\/Communaut%c3%a9-du-Chemin-Neuf-au-Canada-417217815001100","article_modified_time":"2023-10-20T14:01:52+00:00","og_image":[{"width":320,"height":180,"url":"https:\/\/www.chemin-neuf.media\/wp-content\/uploads\/2022\/02\/mqdefault-14.jpg","type":"image\/jpeg"}],"twitter_card":"summary_large_image","schema":{"@context":"https:\/\/schema.org","@graph":[{"@type":"WebPage","@id":"https:\/\/www.chemin-neuf.media\/de\/m\/ideje-a-valtozasnak\/","url":"https:\/\/www.chemin-neuf.media\/de\/m\/ideje-a-valtozasnak\/","name":"Ideje a V\u00e1ltoz\u00e1snak - Chemin Neuf Media","isPartOf":{"@id":"https:\/\/www.chemin-neuf.media\/de\/#website"},"primaryImageOfPage":{"@id":"https:\/\/www.chemin-neuf.media\/de\/m\/ideje-a-valtozasnak\/#primaryimage"},"image":{"@id":"https:\/\/www.chemin-neuf.media\/de\/m\/ideje-a-valtozasnak\/#primaryimage"},"thumbnailUrl":"https:\/\/www.chemin-neuf.media\/wp-content\/uploads\/2022\/02\/mqdefault-14.jpg","datePublished":"2022-02-03T23:00:00+00:00","dateModified":"2023-10-20T14:01:52+00:00","breadcrumb":{"@id":"https:\/\/www.chemin-neuf.media\/de\/m\/ideje-a-valtozasnak\/#breadcrumb"},"inLanguage":"de","potentialAction":[{"@type":"ReadAction","target":["https:\/\/www.chemin-neuf.media\/de\/m\/ideje-a-valtozasnak\/"]}]},{"@type":"ImageObject","inLanguage":"de","@id":"https:\/\/www.chemin-neuf.media\/de\/m\/ideje-a-valtozasnak\/#primaryimage","url":"https:\/\/www.chemin-neuf.media\/wp-content\/uploads\/2022\/02\/mqdefault-14.jpg","contentUrl":"https:\/\/www.chemin-neuf.media\/wp-content\/uploads\/2022\/02\/mqdefault-14.jpg","width":320,"height":180,"caption":"Ideje a V\u00e1ltoz\u00e1snak"},{"@type":"BreadcrumbList","@id":"https:\/\/www.chemin-neuf.media\/de\/m\/ideje-a-valtozasnak\/#breadcrumb","itemListElement":[{"@type":"ListItem","position":1,"name":"Home","item":"https:\/\/www.chemin-neuf.media\/de\/"},{"@type":"ListItem","position":2,"name":"Meta Medias","item":"https:\/\/www.chemin-neuf.media\/de\/m\/"},{"@type":"ListItem","position":3,"name":"Ideje a V\u00e1ltoz\u00e1snak"}]},{"@type":"WebSite","@id":"https:\/\/www.chemin-neuf.media\/de\/#website","url":"https:\/\/www.chemin-neuf.media\/de\/","name":"Chemin Neuf Media","description":"Tous les m\u00e9dias de la  Communaut\u00e9 du Chemin Neuf","potentialAction":[{"@type":"SearchAction","target":{"@type":"EntryPoint","urlTemplate":"https:\/\/www.chemin-neuf.media\/de\/?s={search_term_string}"},"query-input":{"@type":"PropertyValueSpecification","valueRequired":true,"valueName":"search_term_string"}}],"inLanguage":"de"}]}},"_links":{"self":[{"href":"https:\/\/www.chemin-neuf.media\/de\/wp-json\/wp\/v2\/m\/40678","targetHints":{"allow":["GET"]}}],"collection":[{"href":"https:\/\/www.chemin-neuf.media\/de\/wp-json\/wp\/v2\/m"}],"about":[{"href":"https:\/\/www.chemin-neuf.media\/de\/wp-json\/wp\/v2\/types\/m"}],"version-history":[{"count":1,"href":"https:\/\/www.chemin-neuf.media\/de\/wp-json\/wp\/v2\/m\/40678\/revisions"}],"predecessor-version":[{"id":40979,"href":"https:\/\/www.chemin-neuf.media\/de\/wp-json\/wp\/v2\/m\/40678\/revisions\/40979"}],"wp:featuredmedia":[{"embeddable":true,"href":"https:\/\/www.chemin-neuf.media\/de\/wp-json\/wp\/v2\/media\/40679"}],"wp:attachment":[{"href":"https:\/\/www.chemin-neuf.media\/de\/wp-json\/wp\/v2\/media?parent=40678"}],"wp:term":[{"taxonomy":"media-categorie","embeddable":true,"href":"https:\/\/www.chemin-neuf.media\/de\/wp-json\/wp\/v2\/media-categorie?post=40678"},{"taxonomy":"media-type","embeddable":true,"href":"https:\/\/www.chemin-neuf.media\/de\/wp-json\/wp\/v2\/media-type?post=40678"},{"taxonomy":"chaine","embeddable":true,"href":"https:\/\/www.chemin-neuf.media\/de\/wp-json\/wp\/v2\/chaine?post=40678"},{"taxonomy":"thematique","embeddable":true,"href":"https:\/\/www.chemin-neuf.media\/de\/wp-json\/wp\/v2\/thematique?post=40678"},{"taxonomy":"media-tag","embeddable":true,"href":"https:\/\/www.chemin-neuf.media\/de\/wp-json\/wp\/v2\/media-tag?post=40678"},{"taxonomy":"media-lang","embeddable":true,"href":"https:\/\/www.chemin-neuf.media\/de\/wp-json\/wp\/v2\/media-lang?post=40678"}],"curies":[{"name":"wp","href":"https:\/\/api.w.org\/{rel}","templated":true}]}}